{"id":309,"date":"2021-01-14T13:22:57","date_gmt":"2021-01-14T13:22:57","guid":{"rendered":"http:\/\/www.cent.uo.edu.cu\/cemzoc-uo\/?page_id=309"},"modified":"2026-01-13T07:01:38","modified_gmt":"2026-01-13T11:01:38","slug":"publicaciones","status":"publish","type":"page","link":"https:\/\/www.cent.uo.edu.cu\/cemzoc-uo\/resultados\/publicaciones\/","title":{"rendered":"Publicaciones"},"content":{"rendered":"<div class=\"su-accordion su-u-trim\">\n<div class=\"su-spoiler su-spoiler-style-fancy su-spoiler-icon-plus\" data-scroll-offset=\"0\" data-anchor-in-url=\"no\"><div class=\"su-spoiler-title\" tabindex=\"0\" role=\"button\"><span class=\"su-spoiler-icon\"><\/span>2025<\/div><div class=\"su-spoiler-content su-u-clearfix su-u-trim\"> <\/p>\n<p>P\u00e9rez Montero, O., Vel\u00e1zquez Labrada, Y. R., Quiala P\u00e9rez, H. M., &#038; Rivero Pino, R. (2025). Perception and Cultural Practices on Beach Socio-Ecosystems for Adaptive Governance in Southeastern Cuba. American Behavioral Scientist, 0(0). <a href=\"https:\/\/doi.org\/10.1177\/00027642251394568\" target=\"_blank\" rel=\"noopener\"> https:\/\/doi.org\/10.1177\/00027642251394568 <\/a><\/p>\n<p>Ordo\u00f1ez, N., Perez-Figueredo, A., Espa\u00f1a-Francisco, N. ., Mantilla-Ordo\u00f1ez , J. ., &#038; Ordo\u00f1ez-Valencia, M. . (2026). Gesti\u00f3n de residuos s\u00f3lidos urbanos basada en los principios de la econom\u00eda circular: una revisi\u00f3n sistem\u00e1tica en Am\u00e9rica Latina. Revista De Ciencias Ambientales, 60(1), 1-17. <a href=\"https:\/\/doi.org\/10.15359\/rca.60-1.4\" target=\"_blank\" rel=\"noopener\"> https:\/\/doi.org\/10.15359\/rca.60-1.4 <\/a><\/p>\n<p>P\u00e9rez Montero, O., &#038; Vel\u00e1zquez Labrada, Y. R. (Comps.). (2025). Ecosistemas y cambio clim\u00e1tico: Desaf\u00edos en la gesti\u00f3n integrada costera en el Oriente de Cuba. Ediciones UO. <a href=\"https:\/\/ediciones.uo.edu.cu\/index.php\/e1\/catalog\/view\/1898\/154\/215592\" target=\"_blank\" rel=\"noopener\"> https:\/\/ediciones.uo.edu.cu\/index.php\/e1\/catalog\/view\/1898\/154\/215592 <\/a><\/p>\n<p>Vel\u00e1zquez Labrada, Y. R., &#038; P\u00e9rez Montero, O. (Comps.). (2025). Playas en el Oriente de Cuba: Del monitoreo a las propuestas de manejo integrado costero. Ediciones UO. <a href=\"https:\/\/ediciones.uo.edu.cu\/index.php\/e1\/catalog\/view\/1896\/152\/214661\" target=\"_blank\" rel=\"noopener\"> https:\/\/ediciones.uo.edu.cu\/index.php\/e1\/catalog\/view\/1896\/152\/214661 <\/a><\/p>\n<p>Alarc\u00f3n Borges, R. Y., P\u00e9rez Montero, O., Barrag\u00e1n Mu\u00f1oz, J. M., &#038; Milan\u00e9s, C. B. (2025). Institutional Frameworks and Strategies for Implementing the Socio-Ecosystemic Approach to Coastal Marine Governance in Cuba. Sustainability, 17(11), 4770. <a href=\"https:\/\/doi.org\/10.3390\/su17114770\" target=\"_blank\" rel=\"noopener\"> https:\/\/doi.org\/10.3390\/su17114770 <\/a><\/p>\n<p>Mesa V\u00e1zquez, J., Rivera Rond\u00f3n, G., &#038; Ortega Le\u00f3n, D. (2025). Inteligencia artificial en la ense\u00f1anza del derecho: un estudio bibliom\u00e9trico y de caso en la Facultad de derecho de la Universidad de Oriente de Cuba. Revista De Educaci\u00f3n Y Derecho, (2 Extraordinario), 460\u2013492. <a href=\"https:\/\/revistes.ub.edu\/index.php\/RED\/article\/view\/49201\" target=\"_blank\" rel=\"noopener\">https:\/\/doi.org\/10.1344\/REYD2024.2 <\/a><\/p>\n<p>E. Rivera-Arriaga, A. del C. Pe\u00f1a-Puch, I. A. Azuz-Adeath, M. C. Garc\u00eda, .E. M. Veron, A. Monti, J. R. Dadon, R. E. Lastra Mier, C. Milan\u00e9s-Batista, A. Morales Ram\u00edrez, O. P\u00e9rez Montero, J.A. Cabrera Hern\u00e1ndez, F. Huerta L\u00f3pez, R.Y. Alarc\u00f3n Borges, M. A. Mart\u00ednez Arroyo, M.I. Espejel Carbajal, P. Moreno Casasola, &#038; L. Vidal Hern\u00e1ndez. Regional Developments in Latin America. En Global Ocean Forum. 2025. Report on Assessing Progress on Ocean and Climate Action: 2024-2025.  Global Ocean Forum, ROCA Report, 180 p. Copies of this report may be obtained online at: https:\/\/roca-initiative.com\/ \u00a9 2025 Global Ocean Forum. All rights reserved.<\/p>\n<p><strong>Libros<\/strong><\/p>\n<p>1.\tVel\u00e1zquez Labrada, Y. R. &#038; P\u00e9rez Montero, O. (Comps.). (2025). Playas en el Oriente de Cuba: del monitoreo a las propuestas de manejo integrado costero. Ediciones UO. ISBN 978-959-207-806-2 <a href=\"https:\/\/ediciones.uo.edu.cu\/index.php\/e1\/catalog\/book\/1896\" target=\"_blank\" rel=\"noopener\">https:\/\/ediciones.uo.edu.cu\/index.php\/e1\/catalog\/book\/1896 <\/a><\/p>\n<p>2.\tP\u00e9rez Montero, O. &#038; Vel\u00e1zquez Labrada, Y.R (Comps.). (2025). Ecosistemas y Cambio Clim\u00e1tico: desaf\u00edos en la gesti\u00f3n integrada costera en el Oriente de Cuba. Ediciones UO. ISBN 978-959-207-804-8 <a href=\"https:\/\/ediciones.uo.edu.cu\/index.php\/e1\/catalog\/book\/1898\" target=\"_blank\" rel=\"noopener\">https:\/\/ediciones.uo.edu.cu\/index.php\/e1\/catalog\/book\/1898 <\/a><\/p>\n<p>3.\tBueno Risco, K., Vel\u00e1zquez Labrada, Y. R.; P\u00e9rez Montero, O. &#038; (Comps.) (2025). Estructuras constructivas en frentes de playa. Ediciones UO. ISBN. 978-959-207-803-1<\/p>\n<p>4.\tP\u00e9rez Montero, O. &#038; Vel\u00e1zquez Labrada, Y.R (Comps.). (2025). Cuencas hidrogr\u00e1ficas y manglares en el Oriente de Cuba: desaf\u00edos a la gesti\u00f3n integrada costera. Ediciones UO. ISBN 978-959-207-805-5<\/p>\n<\/div><\/div>\n<div class=\"su-spoiler su-spoiler-style-fancy su-spoiler-icon-plus su-spoiler-closed\" data-scroll-offset=\"0\" data-anchor-in-url=\"no\"><div class=\"su-spoiler-title\" tabindex=\"0\" role=\"button\"><span class=\"su-spoiler-icon\"><\/span>2024<\/div><div class=\"su-spoiler-content su-u-clearfix su-u-trim\"> <\/p>\n<p>Paneque, M. A., P\u00e9rez, M. O., Milanes, B. C., &#038; \u00c1lvarez Vega, J. F. (2024). Estimaci\u00f3n de la cobertura forestal en la cuenca hidrogr\u00e1fica del r\u00edo \u201cSan Juan\u201d, Cuba. Ingenier\u00eda Hidr\u00e1ulica y Ambiental, 45(3), 1-10. ISSN 2788-6050, RNPS 2066.<\/p>\n<p>Maury-Russo, O. ., P\u00e9rez-Figueredo, A., Clark-Feoktistova, Y., Zabala-Lah\u00edtte, B. ., &#038; Begu\u00e9-Quiala, G. . (2024). Turismo de naturaleza en el Parque Nacional Alejandro de Humboldt en el marco de la agenda 2030. Hombre, Ciencia Y Tecnolog\u00ed\u00ada, 27(2), 74\u201378. Recuperado a partir de <a href=\"http:\/\/hct.cigetgtmo.co.cu\/revistahct\/index.php\/htc\/article\/view\/1339\" target=\"_blank\" rel=\"noopener\"> http:\/\/hct.cigetgtmo.co.cu\/revistahct\/index.php\/htc\/article\/view\/1339 <\/a><\/p>\n<p>Mesa Vazquez, J., Vel\u00e1zquez Labrada, Y. R., Garc\u00eda Tejera, R., &#038; Alarc\u00f3n Borges, R. Y. (2024). Gesti\u00f3n de riesgos en cuencas hidrogr\u00e1ficas ante eventos excepcionales de la biosfera en Cuba. Orange Journal, 6(11), 20\u201332. <a href=\"https:\/\/orangejournal.info\/index.php\/orange\/article\/view\/63\" target=\"_blank\" rel=\"noopener\"> https:\/\/doi.org\/10.46502\/issn.2710-995X\/2024.11.02 <\/a><\/p>\n<p>Guzm\u00e1n, A.H.; Hern\u00e1ndez Guzm\u00e1n, D.; Milan\u00e9s, C.B.; Ram\u00edrez, O.; Herrera Tapias, B.; Montero, O.P.; Guti\u00e9rrez Reyes, A.; Zielinski, S. Community-Based Participatory Research on Urban Environmental Conflicts: Sand Quarries in Northern Bogot\u00e1. Land 2024, 13, 1460. <a href=\"https:\/\/www.mdpi.com\/2073-445X\/13\/9\/1460\" target=\"_blank\" rel=\"noopener\"> https:\/\/doi.org\/10.3390\/land13091460 <\/a><\/p>\n<p>Cruz Portorreal, Y.; Beenaerts, N.; Koedam, N.; Reyes Dominguez, O.J.; Milanes, C.B.; Dahdouh-Guebas, F.; P\u00e9rez Montero, O. Perception of Mangrove Social\u2013Ecological System Governance in Southeastern Cuba. Water 2024, 16, 2495. <a href=\"https:\/\/www.mdpi.com\/2073-4441\/16\/17\/2495\" target=\"_blank\" rel=\"noopener\"> https:\/\/doi.org\/10.3390\/w16172495 <\/a><\/p>\n<p>Bonfante Rodr\u00edguez, M., Marriaga Gonz\u00e1lez, C., Mesa Vazquez, J., Salgado Bustillo, P., &#038; Gonz\u00e1lez Diaz, J. (2024). Gesti\u00f3n de la salud y la seguridad en el trabajo y las aplicaciones del Internet de las cosas. Revista Cubana de Informaci\u00f3n en Ciencias de la Salud, 35. Recuperado de https:\/\/acimed.sld.cu\/index.php\/acimed\/article\/view\/2606<\/p>\n<p>Gimbe, A., Morasen Cuevas, J. R., Pardo G\u00f3mez, M. E., &#038; Mesa Vazquez, J. (2024). Diagn\u00f3stico das compet\u00eancias digitais docentes no meio universit\u00e1rio: um estudo de caso na Universidade Lus\u00edada de Luanda. Maestro Y Sociedad, 21(1), 109\u2013125. Recuperado a partir de https:\/\/maestroysociedad.uo.edu.cu\/index.php\/MyS\/article\/view\/6347<\/p>\n<p>Alarc\u00f3n Borges , R. Y., Pedreira Rodr\u00edguez , Y., Vel\u00e1zquez Labrada , Y. R., &#038; Mesa V\u00e1zquez , J. (2024). CARTOGRAF\u00cdA CIENT\u00cdFICA Y BIBLIOM\u00c9TRICA DE LAS NULIDADES PROCESALES PENALES . Justicia Y Derecho, 264\u2013286. Recuperado a partir de https:\/\/revistajd.tsp.gob.cu\/index.php\/JD\/article\/view\/70<\/p>\n<\/div><\/div>\n<div class=\"su-spoiler su-spoiler-style-fancy su-spoiler-icon-plus su-spoiler-closed\" data-scroll-offset=\"0\" data-anchor-in-url=\"no\"><div class=\"su-spoiler-title\" tabindex=\"0\" role=\"button\"><span class=\"su-spoiler-icon\"><\/span>2023<\/div><div class=\"su-spoiler-content su-u-clearfix su-u-trim\">\nFeria Galb\u00e1n, K., Alfonso Mellado, L., Medina Cuenca, A., Alarc\u00f3n Borges, Y. R. (2023).  Evaluaci\u00f3n de la tutela penal de la seguridad y salud en el trabajo: caso de estudio regi\u00f3n oriental de Cuba. Revista Cubana de Derecho, 3(2), 408-446.<\/p>\n<p>Feria Galb\u00e1n, K., Medina Cuenca, A., Alarc\u00f3n Borges, Y. R., Alfonso Mellado, L., Ar\u00e9valo Fonseca, S. Y. (2023).  La seguridad y salud en el trabajo en Cuba: estudio del delito previsto en la Ley 151\/2022. En Huertas D\u00edaz, O., S\u00e1nchez Cabrera, \u00c1. C., Torres V\u00e1squez, H. (Ed.), Derecho y pol\u00edtica criminal sist\u00e9mica, transdisciplinariedad y sistema social (pp. 184-223). Grupo Editorial Iba\u00f1ez.<\/p>\n<p>Vargas Gaona, M., Taipica\u00f1a Proa\u00f1o, M., Cede\u00f1o Marcillo, G., Mesa Vazquez, J. (2023). Propuesta de instrumento para evaluar el nivel de competencias docentes en el uso de herramientas digitales como medio did\u00e1ctico. Revista \u00d3rbita Pedag\u00f3gica, 10(1), 123\u2013136. https:\/\/revistas.utm.edu.ec\/index.php\/ROP\/article\/view\/6104<\/p>\n<p>Espinosa Izquierdo, J., Villamar Bravo, J. E., Quijije Acosta, K., &#038; Mesa Vazquez, J. (2023). Ecosistemas digitales de aprendizaje y educaci\u00f3n 4.0 una aproximaci\u00f3n a las pedagog\u00edas emergentes, Revista Polo del Conocimiento, 8(9), 134\u2013158. https:\/\/doi.org\/10.23857\/pc.v8i9.6005. <\/p>\n<p>Espinosa Izquierdo, J. ., Villamar Bravo, J. E. ., Quijije Acosta, K. ., &#038; Mesa Vazquez, J. . (2023). Applicability of Emerging Technologies in Virtual Learning Environments. A look at the University of Guayaquil. TECHNO REVIEW. International Technology, Science and Society Review \/Revista Internacional De Tecnolog\u00eda, Ciencia Y Sociedad, 15(1), 177\u2013181. <a href=\"https:\/\/doi.org\/10.37467\/revtechno.v15.5098\" target=\"_blank\" rel=\"noopener\">https:\/\/doi.org\/10.37467\/revtechno.v15.5098<\/a> <\/p>\n<p>Sarmento do Santos, A. P., Augusto de Filipe Andr\u00e9, U. J., Portuondo Sav\u00f3n, O., P\u00e9rez Benitez, M., &#038; Vel\u00e1zquez Labrada, Y. R. (2023). La preparaci\u00f3n de los estudiantes para la actividad acu\u00edcola desde la Facultad de Ciencias Naturales en la Universidad de Namibe. Agrisost, 29, 1\u20138. <a href=\"https:\/\/sustagri.reduc.edu.cu\/index.php\/agrisost\/article\/view\/64\" target=\"_blank\" rel=\"noopener\">https:\/\/sustagri.reduc.edu.cu\/index.php\/agrisost\/article\/view\/64<\/a> <\/p>\n<p>Augusto de Filipe Andr\u00e9, U. J., Sarmento do Santos, A. P., Portuondo Sav\u00f3n, O., P\u00e9rez Benitez, M., &#038; Vel\u00e1zquez Labrada, Y. R. (2023). Hacia una formaci\u00f3n ambiental en estudiantes de la Facultad de Ciencias Naturales de la Universidad de Namibe. Agrisost, 29, 1\u201310.   <a href=\"https:\/\/sustagri.reduc.edu.cu\/index.php\/agrisost\/article\/view\/63\" target=\"_blank\" rel=\"noopener\">https:\/\/sustagri.reduc.edu.cu\/index.php\/agrisost\/article\/view\/63<\/a><\/p>\n<p>Mesa Vazquez, J., Claudia Bonfante, M., Diaz Mendoza, M. A., Ter\u00e1n Palacio, E., &#038; Vel\u00e1zquez Labrada, Y. R. (2023). Criterios de calidad para la evaluaci\u00f3n de ambientes virtuales de aprendizaje desde un enfo-que docente.\u00a0Universidad Y Sociedad,\u00a015(4), 552-564.  <a href=\"https:\/\/rus.ucf.edu.cu\/index.php\/rus\/article\/view\/4011\" target=\"_blank\" rel=\"noopener\">https:\/\/rus.ucf.edu.cu\/index.php\/rus\/article\/view\/4011<\/a><\/p>\n<p>Medina Su\u00e1rez, R., Martin Vega, D., P\u00e9rez Benitez, M., &#038; Vel\u00e1zquez Labrada, Y. R. (2023). Constru\u00e7\u00e3o de um prot\u00f3tipo de biodigestor para obten\u00e7\u00e3o de biog\u00e1s apartir de res\u00edduos s\u00f3lidos org\u00e2nicos.\u00a0Orange Journal,\u00a05(9), 50-60. <a href=\"https:\/\/doi.org\/10.46502\/issn.2710-995X\/2023.9.06\" target=\"_blank\" rel=\"noopener\">https:\/\/doi.org\/10.46502\/issn.2710-995X\/2023.9.06<\/a><\/p>\n<p>P\u00e9rez P\u00e9rez, M., Chang Porto, J. \u00c1ngel, Guillen Cerpa, S., Mar\u00edn, J. C., Ramos Martell, A. L., Vel\u00e1zquez Labrada, Y. R., &#038; P\u00e9rez Benitez, M. (2023). Uso de las vainas de Samanea saman (Jacq.) Merr. como suplemento en la ceba de ovinos Pelibuey.\u00a0Orange Journal,\u00a05(9), 43-49. <a href=\"https:\/\/doi.org\/10.46502\/issn.2710-995X\/2023.9.05\" target=\"_blank\" rel=\"noopener\">https:\/\/doi.org\/10.46502\/issn.2710-995X\/2023.9.05<\/a><\/p>\n<p>Blanco Ojeda, J., Vel\u00e1zquez Labrada, Y. R., &#038; Tamayo Fonseca, J. A. (2023). Manejo integrado de pastos marinos en el sector Aserradero-Chivirico, Santiago de Cuba.\u00a0Orange Journal,\u00a05(9), 61-70. <a href=\"https:\/\/doi.org\/10.46502\/issn.2710-995X\/2023.9.07\" target=\"_blank\" rel=\"noopener\">https:\/\/doi.org\/10.46502\/issn.2710-995X\/2023.9.07<\/a><\/p>\n<p>Ferrer Abad, L., Alarc\u00f3n Borges, R. Y., Mesa Vazquez, J., &#038; Vel\u00e1zquez Labrada, Y. R. (2023). Eficacia jur\u00eddica del derecho blando en la contaminaci\u00f3n ambiental: Termoel\u00e9ctrica Rent\u00e9.\u00a0Orange Journal,\u00a05(9), 23-33. <a href=\"https:\/\/doi.org\/10.46502\/issn.2710-995X\/2023.9.03\" target=\"_blank\" rel=\"noopener\">https:\/\/doi.org\/10.46502\/issn.2710-995X\/2023.9.03<\/a><\/p>\n<p>Castellanos Gonz\u00e1lez, J. R., Vel\u00e1zquez Labrada, Y. R., &#038; P\u00e9rez Benitez, M. (2023). Variaci\u00f3n de la l\u00ednea de costa en playas de Santiago de Cuba.\u00a0Orange Journal,\u00a05(9), 4-15. <a href=\"https:\/\/doi.org\/10.46502\/issn.2710-995X\/2023.9.01\" target=\"_blank\" rel=\"noopener\">https:\/\/doi.org\/10.46502\/issn.2710-995X\/2023.9.01<\/a><\/p>\n<p>P\u00e9rez Benitez, M., Vel\u00e1zquez Labrada, Y. R., Romero Pacheco, E. V., Parada Ulloa, A., &#038; P\u00e9rez Montero, O. (2023). Educaci\u00f3n ambiental ante el cambio clim\u00e1tico desde los contenidos geogr\u00e1ficos en la ense\u00f1anza media cubana. Revista Conrado, 19(S1), 442-454. <a href=\"https:\/\/conrado.ucf.edu.cu\/index.php\/conrado\/article\/view\/3149\" target=\"_blank\" rel=\"noopener\">https:\/\/conrado.ucf.edu.cu\/index.php\/conrado\/article\/view\/3149<\/a><\/p>\n<p>Alarc\u00f3n Borges, R.Y.; P\u00e9rez Montero, O.; Tejera, R.G.; Silveira, M.T.D.; Montoya, J.C.; Hern\u00e1ndez Mestre, D.; Vazquez, J.M.; Mestanza-Ramon, C.; Hernandez-Guzm\u00e1n, D.; Milanes, C.B. Legal Risk in the Management of Forest Cover in a River Basin San Juan, Cuba.\u00a0Land\u00a02023,\u00a012, 842. <a href=\"https:\/\/doi.org\/10.3390\/land12040842\" target=\"_blank\" rel=\"noopener\">https:\/\/doi.org\/10.3390\/land12040842<\/a><\/p>\n<p>Espinosa Izquierdo, J., Villamar Bravo, J., Quijije Acosta, K., &#038; Mesa Vazquez, J. (2023). Las nuevas tecnolog\u00edas de la informaci\u00f3n y la comunicaci\u00f3n en el \u00e1mbito educativo. Revista Polo Del Conocimiento, 8(3), 1996\u20132012. <a href=\"https:\/\/polodelconocimiento.com\/ojs\/index.php\/es\/article\/view\/5380\" target=\"_blank\" rel=\"noopener\">https:\/\/polodelconocimiento.com\/ojs\/index.php\/es\/article\/view\/5380<\/a><\/p>\n<p>Hidalgo Zambrano, R.V.; Milanes, C.B.; P\u00e9rez Montero, O.; Mestanza-Ram\u00f3n, C.; Nexar Bolivar, L.O.; Cobe\u00f1a Loor, D.; Garc\u00eda Flores De V\u00e1lgaz, R.G.; Cuker, B. A Sustainable Proposal for a Cultural Heritage Declaration in Ecuador: Vernacular Housing of Portoviejo.\u00a0Sustainability\u00a02023,\u00a015, 1115. <a href=\"https:\/\/doi.org\/10.3390\/su15021115\" target=\"_blank\" rel=\"noopener\">https:\/\/doi.org\/10.3390\/su15021115<\/a><br \/>\n<\/div><\/div>\n<div class=\"su-spoiler su-spoiler-style-fancy su-spoiler-icon-plus su-spoiler-closed\" data-scroll-offset=\"0\" data-anchor-in-url=\"no\"><div class=\"su-spoiler-title\" tabindex=\"0\" role=\"button\"><span class=\"su-spoiler-icon\"><\/span>2022<\/div><div class=\"su-spoiler-content su-u-clearfix su-u-trim\">\nGamboa Fr\u00f3meta, Y., Mesa Vazquez, J., Vel\u00e1zquez Labrada, Y.R., &#038; Alarc\u00f3n Borges, R.Y. (2022). Estudio de la producci\u00f3n cient\u00edfica sobre zonificaci\u00f3n de playas: un an\u00e1lisis biliom\u00e9trico. Orange Journal, 4(8), 55-64. <a href=\"https:\/\/doi.org\/10.46502\/issn.2710-995X\/2022.8.05\" target=\"_blank\" rel=\"noopener\">https:\/\/doi.org\/10.46502\/issn.2710-995X\/2022.8.05<\/a><\/p>\n<p>Cruz Portorreal, Y.; Reyes Dominguez, O.J.; Milanes, C.B.; Mestanza-Ram\u00f3n, C.; Cuker, B.; P\u00e9rez Montero, O. Environmental Policy and Regulatory Framework for Managing Mangroves as a Carbon Sink in Cuba.\u00a0Water\u00a02022,\u00a014, 3903. <a href=\"https:\/\/doi.org\/10.3390\/w14233903\" target=\"_blank\" rel=\"noopener\">https:\/\/doi.org\/10.3390\/w14233903<\/a><\/p>\n<p>Gonz\u00e1lez Trujillo, M., Garc\u00eda Tejera, R., Duran Silveira, M. T., &#038; Grau C\u00e1diz, C. R. (2022). The impact of land use on the vulnerability of an aquifer in the San Juan watershed, Cuba.\u00a0Agua Y Territorio \/ Water and Landscape, (21). <a href=\"https:\/\/doi.org\/10.17561\/at.21.6263\" target=\"_blank\" rel=\"noopener\">https:\/\/doi.org\/10.17561\/at.21.6263<\/a><\/p>\n<p>Mesa V\u00e1zquez, J., Pardo G\u00f3mez, M. E., &#038; Cede\u00f1o Marcillo, G. E. (2022). Competencias inform\u00e1ticas e informacionales en la gesti\u00f3n de informaci\u00f3n cient\u00edfica en la formaci\u00f3n del posgrado.\u00a0Estudios Pedag\u00f3gicos,\u00a048(2), 103\u2013114. <a href=\"https:\/\/doi.org\/10.4067\/S0718-07052022000200103\" target=\"_blank\" rel=\"noopener\">https:\/\/doi.org\/10.4067\/S0718-07052022000200103<\/a><\/p>\n<p>Galb\u00e1n Rodriguez, L., Gonz\u00e1lez Trujillo, M., Urquiza L\u00f3pez, Y., Rodr\u00edguez Tamayo, L., Cid Nacer, J., Garc\u00eda Naranjo, L., Vinajera Su\u00e1rez, V., Torres Zapata, Y., &#038; Machado Ferrer, L. (2022). Estudios de peligro, vulnerabilidad y riesgos asociados al agua en Santiago de Cuba.\u00a0Anales de la Academia de Ciencias de Cuba, 12(2), e1094. Recuperado de\u00a0<a href=\"http:\/\/www.revistaccuba.cu\/index.php\/revacc\/article\/view\/1094\/1382\" target=\"_blank\" rel=\"noopener\">http:\/\/www.revistaccuba.cu\/index.php\/revacc\/article\/view\/1094\/1382<\/a><\/p>\n<p>P\u00e9rez Figueredo, A. S. (2022). Cambio clim\u00e1tico y la COVID-19: Desaf\u00edos en la agenda 2030 para el desarrollo del turismo.\u00a0AlfaPublicaciones,\u00a04(2.1), 110\u2013129. https:\/\/doi.org\/10.33262\/ap.v4i2.1.208<\/p>\n<p>P\u00e9rez Figueredo, A., &#038; Le\u00f3n Robaina, R. (2022). La gesti\u00f3n estrat\u00e9gica del riesgo en el enfrentamiento a situaciones de emergencias sanitarias de la COVID-19.\u00a0Revista De Informaci\u00f3N Cient\u00edFica Para La Direcci\u00f3N En Salud. INFODIR, 0(38). Recuperado de\u00a0http:\/\/www.revinfodir.sld.cu\/index.php\/infodir\/article\/view\/1180<\/p>\n<p>Feria, K., Alfonso, C., Medina, A., Alarc\u00f3n, R. (2022). Tutela penal de la seguridad y salud en el trabajo: lecciones de Espa\u00f1a para Cuba. Revista Trabajo y derecho, 93 (Septiembre 2022)<br \/>\n<\/div><\/div>\n<div class=\"su-spoiler su-spoiler-style-fancy su-spoiler-icon-plus su-spoiler-closed\" data-scroll-offset=\"0\" data-anchor-in-url=\"no\"><div class=\"su-spoiler-title\" tabindex=\"0\" role=\"button\"><span class=\"su-spoiler-icon\"><\/span>2021<\/div><div class=\"su-spoiler-content su-u-clearfix su-u-trim\">\nP\u00e9rez Figueredo, Alexis S., &#038; Le\u00f3n Robaina, Rosario. (2021). Elementos que connotan la gesti\u00f3n de riesgo en emergencias sanitarias.\u00a0Retos de la Direcci\u00f3n,\u00a015(Supl. 1), 97-121. Epub 05 de diciembre de 2021. Recuperado en 30 de noviembre de 2022, de http:\/\/scielo.sld.cu\/scielo.php?script=sci_arttext&#038;pid=S2306-91552021000300097&#038;lng=es&#038;tlng=es.<\/p>\n<p>Jim\u00e9nez-Hern\u00e1ndez, Sergio B., Ofelia P\u00e9rez Montero, Eustorgio Meza, Yunior R. Vel\u00e1zquez, Juan R. Castellanos, Esperanza Mart\u00ednez-Cano, Felipe Sosa-P\u00e9rez, Juan F. Herrera, Seweryn Zielinski, Benjamin Cuker, Marcos Oliveira, Giorgio Anfuso, and Celene B. Milanes. 2021. Coastal Migration Index for Coastal Flooding Events Increased by Sea Level Rise due to Climate Change: Mexico and Cuba Case Studies.\u00a0Water\u00a013, no. 21: 3090. https:\/\/doi.org\/10.3390\/w13213090     (Descargar PDF)  <\/p>\n<p>Corr\u00eaa, Marina Ribeiro, Luciana Yokoyama Xavier, Leandra R. Gon\u00e7alves, Mariana Martins de Andrade, Mayara de Oliveira, Nicole Malinconico, Camilo M. Botero, Celene Milan\u00e9s, Ofelia P\u00e9rez Montero, Omar DefeoAlexander Turra et al. Desafios para promo\u00e7\u00e3o da abordagem ecossist\u00eamica \u00e0 gest\u00e3o de praias na Am\u00e9rica Latina e Caribe. Estudos Avan\u00e7ados [online]. 2021, v. 35, n. 103 [Acessado\u00a01 Novembro 2021] , pp. 219-236. Dispon\u00edvel em: https:\/\/doi.org\/10.1590\/s0103-4014.2021.35103.012. Epub 01\u00a0Nov\u00a02021. ISSN 1806-9592. https:\/\/doi.org\/10.1590\/s0103-4014.2021.35103.012.      (Descargar PDF)<\/p>\n<p>P\u00e9rez Montero, O., Milan\u00e9s Batista, C., Mateo Botero, C., Planas Fajardo, J., Vel\u00e1zquez Labrada, Y., P\u00e9rez Figueredo, A., Alarc\u00f3n Borges, R., Chuy Rodr\u00edguez, T., Silva Oliveira, L., Mesa Mesa, L., Cruz Portorreal, Y., Tamayo Yero, H., Ferrera-Bergues, A., Ravelo Batista, \u00c1., Brito Moreno, A., Cid Nacer, J., Garc\u00eda Naranjo, L., Carbonero Gamund\u00ed, M., &#038; Fabian Szlafsztein, C. (2021). Aportes para la gobernabilidad y gobernanza de los riesgos en naciones insulares y continentales costeras.\u00a0Anales De La Academia De Ciencias De Cuba, 11(3), e1048. (Descargar PDF)<\/p>\n<p>Zambrano, R., P\u00e9rez, O. y Milan\u00e9s, C. (2021). La vivienda de los tres espacios de Portoviejo como patrimonio cultural de las comunidades rurales manabitas. MODULO<br \/>\nARQUITECTURA CUC, 27, 219\u2013246, 2021. http:\/\/doi.org\/10.17981\/mod.arq.cuc.27.1.2021.09         (Descargar PDF) <\/p>\n<p>M\u00e1rcia Aparecida da Silva Pimentel, Claudio Fabian Szlafsztein, Of\u00e9lia P\u00e9rez Montero, Celene Milan\u00e9s Batista. Sustentabilidade dos meios de vida e vulnerabilidade socioambiental: estudos compartilhados entre Brasil e Cuba.\u00a0 REVISTA CAMINHOS DE GEOGRAFIA ISSN 1678-6343 DOI: http:\/\/doi.org\/10.14393\/RCG228155616 Caminhos de Geografia Uberl\u00e2ndia-MG\u00a0 v. 22, n. 81 jun.\/2021 p. 249\u2013264 http:\/\/www.seer.ufu.br\/index.php\/caminhosdegeografia\/             (Descargar PDF)  <\/p>\n<p>Liliana Mesa Mesa ; Jos\u00e9 Falc\u00f3n Hern\u00e1ndez ; Alexander Mulet De los Reyes y Juan Ram\u00f3n Castellanos Gonz\u00e1lez. An\u00e1lisis cuantitativo y cualitativo de hidrocarburos contaminantes en la bah\u00eda de Santiago de Cuba por medio de cromatograf\u00eda de gases. Bolet\u00edn de Investigaciones Marinas y Costeras Bulletin of Marine and Coastal Research 50 (1), 99-114. ISSN 0122-9761 e-ISSN 2590-4671 Santa Marta, Colombia, 2021. DOI: https:\/\/doi.org\/10.25268\/bimc.invemar.2021.50.1.1017       (Descargar PDF) <\/p>\n<p>A.E. Bates, R.B. Primack, C.M. Duarte, et al., Global COVID-19 lockdown highlights humans as both threats and custodians of the environment, Biological Conservation (2021), https:\/\/doi.org\/10.1016\/j.biocon.2021.109175     (Descargar PDF) <\/p>\n<p>Rogelio Garc\u00eda Tejera, Mayelin Gonz\u00e1lez Trujillo, Mar\u00eda Teresa Dur\u00e1n Silveira, Jos\u00e9 Fernando \u00c1lvarez Vega y H\u00e9ctor Oca\u00f1a Dayer.\u00a0 Gesti\u00f3n integrada de cuencas hidrogr\u00e1ficas en Cuba: caso cuenca San Juan. Ciencia en su PC. n\u00famero 3 del a\u00f1o 2021<\/p>\n<p>Verduga-Pino, A. M., &#038; P\u00e9rez-Figueredo, A. S. (2021). CAMBIO CLIM\u00c1TICO Y LA COVID-19: RETOS PARA EL DESARROLLO DE UN TURISMO RESPONSABLE.\u00a0REVISTA CIENT\u00cdFICA MULTIDISCIPLINARIA ARBITRADA YACHASUN &#8211; ISSN: 2697-3456,\u00a05(8 Ed. esp.), 2-18. https:\/\/doi.org\/10.46296\/yc.v5i8edespab.0092         (Descargar PDF)  <\/p>\n<p>Vel\u00e1zquez Labrada, Y. R., P\u00e9rez Ben\u00edtez, M., P\u00e9rez Rodr\u00edguez, G., &#038; Dom\u00ednguez Hopkins, R. (2021). La educaci\u00f3n ambiental ante el cambio clim\u00e1tico en la formaci\u00f3n del profesional universitario: experiencias desde la Universidad de Oriente.\u00a0Universidad Y Sociedad,\u00a013(1), 331-339. Recuperado a partir de https:\/\/rus.ucf.edu.cu\/index.php\/rus\/article\/view\/1930. SCOPUS.         (Descargar PDF)  <\/p>\n<p>E.H. Soto, C.M. Botero, C.B. Milan\u00e9s, et al., How does the beach ecosystem change without tourists during COVID-19 lockdown?, Biological Conservation (2021), https:\/\/doi.org\/10.1016\/j.biocon.2021.108972                        (Descargar PDF) <\/p>\n<p>Celene B. Milanes, Ofelia P\u00e9rez Montero, J. Alfredo Cabrera, Benjamin Cuker. (2021). Recommendations for coastal planning and beach management in Caribbean insular states during and after the COVID-19 pandemic,Ocean &#038; Coastal Management, Volume 208, 2021, 105575,ISSN 0964-5<br \/>\nZielinski, S.; Milanes, C.B.; Cambon, E.; Montero, O.P.; Rizo, L.; Cuker, B.; Anfuso, G. (2021) An Integrated Method for Landscape Assessment: Application to Santiago de Cuba Bay, Cuba. Sustainability 2021, 13, 4773. https:\/\/doi.org\/10.3390\/ su13094773              (Descargar PDF)  <\/p>\n<p>Garc\u00eda Tejera, R., P\u00e9rez Montero, O., Gonz\u00e1lez Trujillo, M., Alarc\u00f3n Borges, R., &#038; Mesa V\u00e1zquez, J. (2021). Sistematizaci\u00f3n de informaci\u00f3n cient\u00edfica sobre cuencas hidrogr\u00e1ficas tributarias a la bah\u00eda de Santiago de Cuba. Revista Universidad y Sociedad, 13(3), 211-221.      (Descargar PDF) <\/p>\n<p>Vel\u00e1zquez Labrada, Y., Romero Pacheco, E., Sigas Costafreda, O., &#038; P\u00e9rez Benitez, M. (2021). Modelo pedag\u00f3gico de formaci\u00f3n hol\u00edstica ambiental en los estudiantes de carreras pedag\u00f3gicas del \u00e1rea de Ciencias Naturales en Cuba. Estudios Pedag\u00f3gicos,\u00a047(1), 371-390. doi:10.4067\/S0718-07052021000100371         (Descargar PDF)<\/p>\n<p>Alexis Santiago P\u00e9rez Figueredo M\u00e1rcia Aparecida da Silva Pimentel RESPONSABILIDADE SOCIAL CORPORATIVA COMO FERRAMENTA PARA ENFRENTAMENTO DAS MUDAN\u00c7AS CLIM\u00c1TICAS: A EXPERI\u00caNCIA CUBANA DOI 10.22533\/at.ed.4132116016. Organiza\u00e7\u00f5es p\u00fablicas e empresas privadas: estrat\u00e9gia, inova\u00e7\u00e3o e tecnologia \/ Organizador El\u00f3i Martins Senhoras. \u2013 Ponta Grossa &#8211; PR: Atena, 2021. ISBN 978-65-5706-741-3 DOI 10.22533\/at.ed.413211601<br \/>\n<\/div><\/div>\n<div class=\"su-spoiler su-spoiler-style-fancy su-spoiler-icon-plus su-spoiler-closed\" data-scroll-offset=\"0\" data-anchor-in-url=\"no\"><div class=\"su-spoiler-title\" tabindex=\"0\" role=\"button\"><span class=\"su-spoiler-icon\"><\/span>2020<\/div><div class=\"su-spoiler-content su-u-clearfix su-u-trim\">\nMar\u00eda Teresa Durand Silveira, Ram\u00f3n Yordanis Alarc\u00f3n Borges, Rogelio Garc\u00eda Tejera, Abel Dorta Armaignac. V\u00ednculo entre la universidad de oriente y la delegaci\u00f3n provincial de recursos hidr\u00e1ulicos de Santiago de Cuba. Voluntad Hidr\u00e1ulica. No. 132. P 42-45. La Habana, Abril-Junio, 2020\/No. 132\/ISSN 0505-946<\/p>\n<p>Milan\u00e9s, C. B., Montero, O. P., Szlafsztein, C. F., &#038; Pimentel, M. A. da S. (2020). Climate change and spatial justice in coastal planning in Cuba and Brazil. Ambiente &#038; Sociedade, 23, 2020. https:\/\/doi.org\/10.1590\/1809-4422asoc20190184r1vu2020l6td<\/p>\n<p>Montero, O. P., &#038; Batista, C. M. (2020a). Social perception of coastal risk in the face of hurricanes in the southeastern region of Cuba. Ocean and Coastal Management, 184. https:\/\/doi.org\/10.1016\/j.ocecoaman.2019.105010<\/p>\n<p>\u00a0Alarc\u00f3n, B. R. Y. y Nieto, M. A., 2020. Programas de cumplimiento y responsabilidad penal de las personas jur\u00eddicas: una visi\u00f3n para Cuba. \u201cDelincuencia econ\u00f3mica y corrupci\u00f3n. Problemas y propuestas en el contexto cubano\u201d. Coordinadores: Dr. Dayan Gabriel L\u00f3pez Rojas, Dra. Mayda Goite Pierre y Dr. Arnel Medina Cuenca\u00a0\u00a0\u00a0\u00a0\u00a0\u00a0\u00a0\u00a0\u00a0 Serie: Ciencias Penales y Criminol\u00f3gicas No. 15, de \u00a0\u00a0\u00a0\u00a0\u00a0\u00a0\u00a0\u00a0\u00a0\u00a0\u00a0\u00a0 \u00a9 Editorial UNIJURIS \u00a0\u00a0\u00a0\u00a0\u00a0\u00a0\u00a0\u00a0\u00a0\u00a0\u00a0 mayo \u00a0 2020\u00a0\u00a0\u00a0 Cuba<\/p>\n<p>Vel\u00e1zquez, L. Y. R., P\u00e9rez, B. M. &#038; Castellanos, G. J. R., 2020. La gesti\u00f3n ambiental post COVID-19 y su contribuci\u00f3n a la integridad ecol\u00f3gica de las playas en Cuba. En: Botero, C.M., Mercad\u00e9, S., Cabrera, J.A., Bombana, B. (editores). EL TURISMO DE SOL Y PLAYA EN EL CONTEXTO DE LA COVID-19. ESCENARIOS Y RECOMENDACIONES. Publicaci\u00f3n en el marco de la Red Iberoamericana de Gesti\u00f3n y Certificaci\u00f3n de Playas \u2013 PROPLAYAS. 2020. Santa Marta (Colombia). P\u00e1ginas 49-52<\/p>\n<p>Mesa Vazquez, J, Cede\u00f1o Marcillo, G. (2020). Escala de medici\u00f3n del nivel de profesionalizaci\u00f3n pedag\u00f3gica en la elaboraci\u00f3n de medios did\u00e1cticos sustentados en las TICS. Revista Cient\u00edfica Multidisciplinaria Mikarimin. ISSN 2528-7842; Vol. VI, N\u00famero 3. (Enlace)<\/p>\n<p>Vel\u00e1zquez, L. Y. R., P\u00e9rez, B. M. &#038; Castellanos, G. J. R., 2020. La gesti\u00f3n ambiental post COVID-19 y su contribuci\u00f3n a la integridad ecol\u00f3gica de las playas en Cuba. En: Botero, C.M., Mercad\u00e9, S., Cabrera, J.A., Bombana, B. (editores). EL TURISMO DE SOL Y PLAYA EN EL CONTEXTO DE LA COVID-19. ESCENARIOS Y RECOMENDACIONES. Publicaci\u00f3n en el marco de la Red Iberoamericana de Gesti\u00f3n y Certificaci\u00f3n de Playas \u2013 PROPLAYAS. 2020. Santa Marta (Colombia). P\u00e1ginas 49-52 \u00a0\u00a0\u00a0\u00a0\u00a0\u00a0\u00a0\u00a0\u00a0<\/p>\n<p>P\u00e9rez, F.A. (2020). Los riesgos costeros: Retos para el desarrollo sostenible del turismo en los territorios insulares en el contexto del cambio clim\u00e1tico. \u00a0\u00a0\u00a0\u00a0\u00a0\u00a0\u00a0 \u00a0Explorador Digital,\u00a0\u00a0\u00a0 Ciencia Digital Editorial\u00a0\u00a0\u00a0\u00a0\u00a0\u00a0\u00a0\u00a0\u00a0 \u00a0\u00a0\u00a0\u00a0\u00a0\u00a0\u00a0\u00a0\u00a0\u00a0\u00a0 \u00a0(ISSN 2602-8085\u00a0\u00a0\u00a0\u00a0\u00a0\u00a0\u00a0 Vol 5 Num 1\u00a0\u00a0\u00a0 18\/36\u00a0\u00a0\u00a0\u00a0\u00a0\u00a0\u00a0\u00a0\u00a0\u00a0\u00a0\u00a0\u00a0 Nov.\u00a0\u00a0\u00a0\u00a0 2020\u00a0\u00a0\u00a0 M\u00e9xico\u00a0\u00a0\u00a0\u00a0\u00a0\u00a0\u00a0\u00a0\u00a0\u00a0\u00a0 http:\/\/www.exploradordigital.org<\/p>\n<p>P\u00e9rez, F.A., (2020a). Corporate Social Responsibility as a Tool to Face Climate Change\u00a0\u00a0\u00a0\u00a0 Journal of Photonic Materials and Technology\u00a0\u00a0\u00a0\u00a0 International Journal of Latest Research in Engineering and Management (IJLREM) 2469-8431\u00a0\u00a0 Vol 6 Num1\u00a0\u00a0\u00a0\u00a0 7-13\u00a0\u00a0\u00a0\u00a0\u00a0\u00a0\u00a0\u00a0\u00a0\u00a0\u00a0\u00a0\u00a0\u00a0\u00a0\u00a0\u00a0\u00a0\u00a0\u00a0\u00a0\u00a0\u00a0\u00a0\u00a0\u00a0\u00a0 Sept\u00a0\u00a0\u00a0\u00a0 2020\u00a0\u00a0\u00a0 Reino Unido\u00a0\u00a0\u00a0 \/ doi: 10.11648http:\/\/www.sciencepublishinggroup.com\/j\/jpmt<\/p>\n<p>Milan\u00e9s, C. B., Montero, O. P., Szlafsztein, C. F., &#038; Pimentel, M. A. da S. (2020). Climate change and spatial justice in coastal planning in Cuba and Brazil. Ambiente &#038; Sociedade, 23, 2020. https:\/\/doi.org\/10.1590\/1809-4422asoc20190184r1vu2020l6td<\/p>\n<p>Montero, O. P., &#038; Batista, C. M. (2020a). Social perception of coastal risk in the face of hurricanes in the southeastern region of Cuba. Ocean and Coastal Management, 184. https:\/\/doi.org\/10.1016\/j.ocecoaman.2019.105010<\/p>\n<p>Cabrera Hern\u00e1ndez, J.A. M. Arellano Acosta, O. Rey Santos, \u00c1. A. Mart\u00ednez, G. Garc\u00eda Montero, A. Fern\u00e1ndez M\u00e1rquez, R. P\u00e9rez de los Reyes, O. P\u00e9rez Montero, C. Milan\u00e9s Batista, R. Garc\u00eda Tejera, C. Miranda Vera, M.E. Castellanos Gonz\u00e1lez, D. Salabarr\u00eda ,\u00a0 T. Cruz Sardi\u00f1as,\u00a0 F. Due\u00f1as P\u00e9rez, P. Gonz\u00e1lez-D\u00edaz\u00a0 &#038; A. M. Su\u00e1rez Alfonso. (2020). Manejo Costero Integrado en Cuba: Avances y Retos en la Etapa 2009-2019. Revista Costas vol esp., 1: 95-116. doi: 10.26359\/costas.e105<\/p>\n<p>Hern\u00e1ndez, RCC LR Amondaray, MH Mart\u00ednez, OP Montero. (2020). IMPLEMENTACI\u00d3N DE UNA ESTACI\u00d3N METEOROL\u00d3GICA DE BAJO COSTO CON RASPBERRY PI Revista Telem\u00e1tica 19 (1), 11-21<\/p>\n<\/div><\/div>\n<div class=\"su-spoiler su-spoiler-style-fancy su-spoiler-icon-plus su-spoiler-closed\" data-scroll-offset=\"0\" data-anchor-in-url=\"no\"><div class=\"su-spoiler-title\" tabindex=\"0\" role=\"button\"><span class=\"su-spoiler-icon\"><\/span>2019<\/div><div class=\"su-spoiler-content su-u-clearfix su-u-trim\"> <\/p>\n<p>Vel\u00e1zquez, L.Y.R., Juan Ram\u00f3n Castellanos Gonz\u00e1lez, Mayelin P\u00e9rez Ben\u00edtez, Ricardo Dom\u00ednguez Hogkins, Eumelia Victoria Romero Pacheco, Rogelio Garc\u00eda Tejera.\u00a0 Monitoreo de playas en Santiago de Cuba desde el Manejo Integrado de Zonas Costeras para el enfrentamiento al cambio clim\u00e1tico. P. 407 \u2013 430. En Milan\u00e9s. C., Lastra, R. y Sierra-Correa P. (comp.) (2019). Estudios de caso sobre manejo integrado de zonas costeras en Iberoam\u00e9rica: gesti\u00f3n, riesgo y buenas pr\u00e1cticas (1 ed.). Barranquilla: Corporaci\u00f3n Universidad de la Costa., 2019 ISBN 978-958-8921-91-4 (Libro digital) ISBN 978-958-8921-90-7 (E-Book) 472 p\u00e1ginas 1. Medio ambiente 2. Ecosistemas urbanos 3. Conservaci\u00f3n de recursos naturales 551.457 M637 Co-BrCuC. Colombia.<\/p>\n<p>Laurencio Rodr\u00edguez, K., Pardo G\u00f3mez, M. E., Mesa Vazquez, J. (2019). Las redes sociales como entorno educativo en la formaci\u00f3n del profesional universitario. Revista Electr\u00f3nica Formaci\u00f3n y Calidad Educativa (Ecuador). Vol. 7, n\u00fam. 2. (Enlace)<\/p>\n<p>P\u00e9rez, F.A. (2019).La gesti\u00f3n de riesgos en la administraci\u00f3n de operaciones en el turismo Publicado en: Volumen XXIII. Folletos Gerenciales, No (3) Agosto-Octubre,2019,P\u00e1g:189-200.URL: https:\/\/folletosgerenciales.mes.gob.cu\/index.php\/folletosgerenciales\/article\/view\/215\/207<\/p>\n<p>P\u00e9rez, F.A. (2019).La gesti\u00f3n del riesgo: una perspectiva desde el desarrollo del turismo en el contexto del cambio clim\u00e1tico. \u00a0Retos de la Direcci\u00f3n 2019; 13(2): 1-19, \u00a0ISSN 2306-9155URL:https:\/\/revistas.reduc.edu.cu\/index.php\/retos<\/p>\n<p>P\u00e9rez, F.A. (2019).El mapa verde como instrumento para el desarrollo de la educacion ambiental:caso de estudio Cayo granma. Revista maestro y Sociedad, numero 3 ISSN 1815-4867<\/p>\n<p>P\u00e9rez,F.A.(2019).La gesti\u00f3n de riesgos con enfoque inclusivo para el enfrentamiento al cambio clim\u00e1tico en zonas costeras de la provincia de Santiago de Cuba, Ciencia en su PC, n\u00famero 4,\u00a0\u00a0 ISSN 1027-2887<\/p>\n<p>Mesa M. L., Falc\u00f3n J,\u00a0 Ruiz Y et al.: Monitoring of water pollution by hydrocarbons in the mirror of bay of Santiago de Cuba. REVISTA BOLIVIANA DE QU\u00cdMICA\u00a0\u00a0\u00a0\u00a0\u00a0\u00a0 ISSN 0250-5460 Rev. Bol. Quim. Paper edition ISSN 2078-3949 Rev. boliv. quim. Electronic edition Liliana Mesa M. et al. RBQ Vol. 36, No.4, pp. 157-172, 2019\u00a0\u00a0<\/p>\n<p>Alarc\u00f3n, B. R., Garc\u00eda, T. R., Dur\u00e1n, S. M. T., P\u00e9rez, M.O., 2019. Paradigmas jur\u00eddicos de la gesti\u00f3n de cuencas hidrogr\u00e1ficas: Desaf\u00edos en la gesti\u00f3n local, el caso del rio San Juan, Santiago de Cuba. Revista Voluntad Hidr\u00e1ulica No. 129. Instituto Nacional de Recursos Hidr\u00e1ulicos de la Rep\u00fablica de Cuba. Edici\u00f3n Julio- septiembre de 2019. Formato Papel. La Habana, Cuba. ISSN: 0505-9461.<\/p>\n<p>P\u00e9rez, M.O. (2017). Manejo integrado de zonas costeras en el contexto del cambio clim\u00e1tico en Cuba. Magazine Costero No. 20\u2014 Mes: Octubre\/noviembre 2017 ISSN 2346-1381. P11<br \/>\n<\/div><\/div>\n<div class=\"su-spoiler su-spoiler-style-fancy su-spoiler-icon-plus su-spoiler-closed\" data-scroll-offset=\"0\" data-anchor-in-url=\"no\"><div class=\"su-spoiler-title\" tabindex=\"0\" role=\"button\"><span class=\"su-spoiler-icon\"><\/span>2018<\/div><div class=\"su-spoiler-content su-u-clearfix su-u-trim\">\nSantiesteban-Hern\u00e1ndez, I., Mesa Vazquez, J. (2018). La gesti\u00f3n de la informaci\u00f3n en la disciplina teor\u00eda y pr\u00e1ctica de la educaci\u00f3n f\u00edsica. Revista Arrancada. Vol. 19 &#8211; N\u00fam. 35.<\/p>\n<p>Chavez Rodon, D., C\u00e9spedes-Isaac, M., Mesa Vazquez, J. (2018). Las tecnolog\u00edas de la informaci\u00f3n y las comunicaciones, una herramienta para la gesti\u00f3n de documentos antiguos. Revista Electr\u00f3nica Maestro y Sociedad (ISSN 1815-4867). N\u00famero Especial 3.<\/p>\n<p>C\u00e9spedes-Isaac, M., Reyes-Sanchez, G., Mesa Vazquez, J. (2018). El uso de las Tecnolog\u00edas de la Informaci\u00f3n y las Comunicaciones, como alternativa para la visualizaci\u00f3n de la producci\u00f3n cient\u00edfica de la Universidad de Oriente. Revista Electr\u00f3nica Maestro y Sociedad (ISSN 1815-4867). N\u00famero Especial III Taller Cient\u00edfico Metodol\u00f3gico de Informaci\u00f3n Cient\u00edfica 2018.<\/p>\n<p>P\u00e9rez, B. M., Vel\u00e1zquez, L. YR.\u00a0 (2018) Hacia un aprendizaje ambiental en los alumnos de Secundaria B\u00e1sica. En Maestro y Sociedad. Volumen 1, N\u00famero 15 (2018) con RNPS no. 2079 ISSN 1815-4867<\/p>\n<p>Vel\u00e1zquez, L.Y.R., Dom\u00ednguez, H.\u00a0 R. y P\u00e9rez, B. M. (2018). La educaci\u00f3n ambiental en la gesti\u00f3n de riesgos: una visi\u00f3n hol\u00edstica en pro\u00a0 de la sostenibilidad. Libro de Investigaci\u00f3n. ISBN: 978-958-8921-69-3 (Digital). Editorial Universitaria de la Costa, EDUCOSTA S.A.S. 208 p. Disponible en http:\/\/repositorio.cuc.edu.co\/xmlui\/handle\/11323\/1686<\/p>\n<p>P\u00e9rez,F.A.(2018).La responsabilidad social empresarialcomo herramienta para el enfrentamiento al CC,\u00a0 Delos Eumed ISBN-13: 978-84-17583-30-9.<\/p>\n<p>P\u00e9rez Montero, O., Carbonero Gamund\u00ed, M. A., Poveda Santana, I., G\u00f3mez Garrido, M., &#038; Oliver Perell\u00f3, M. \u00c1. (2018). Cuando la mujer migra. Una mirada a las migraciones internas, desde la perspectiva del desarrollo sostenible, en el municipio costero de Guam\u00e1, Santiago de Cuba. Novedades En Poblaci\u00f3n, 14(28), 13\u201325. http:\/\/scielo.sld.cu\/scielo.php?script=sci_arttext&#038;pid=S1817-40782018000200013<\/p>\n<p>Ferrera, B.A., P\u00e9rez M.O., Soler, O. (2018). Poblaci\u00f3n, Cambio Clim\u00e1tico y Percepci\u00f3n del riesgo en la Regi\u00f3n Sur Oriental. Revista Santiago. pp 237-252 e-ISSN 2227-651<\/p>\n<p>P\u00e9rez Montero Ofelia, Milan\u00e9s Batista Celene, Poveda Santana Isabel y Cruz Portorreal Yanet Los estudios de peligro, vulnerabilidad y riesgos de desastres en Cuba26-53 pp. en Milan\u00e9s Batista, Celene y Szlafsztein Claudio Fabian. 2018. Experiencias metodol\u00f3gicas para la gesti\u00f3n del riesgo. Libro de Investigaci\u00f3n. ISBN: 978-958-8921-69-3 (Digital). Editorial Universitaria de la Costa, EDUCOSTA S.A.S. 208 p. Disponible en http:\/\/repositorio.cuc.edu.co\/xmlui\/handle\/11323\/1686<br \/>\n<\/div><\/div>\n<div class=\"su-spoiler su-spoiler-style-fancy su-spoiler-icon-plus su-spoiler-closed\" data-scroll-offset=\"0\" data-anchor-in-url=\"no\"><div class=\"su-spoiler-title\" tabindex=\"0\" role=\"button\"><span class=\"su-spoiler-icon\"><\/span>2017<\/div><div class=\"su-spoiler-content su-u-clearfix su-u-trim\">\nSantiesteban-Hern\u00e1ndez, I., Mesa Vazquez, J., P\u00e9rez Sanchez, E. (2017). El aprendizaje mediado por las tecnolog\u00edas inform\u00e1ticas en la asignatura teor\u00eda y metodolog\u00eda de la educaci\u00f3n f\u00edsica. Revista Electr\u00f3nica Formaci\u00f3n y Calidad Educativa (ISSN 1390-9010) Vol. 5, N\u00fam. 3.\u00a0 (Enlace)<\/p>\n<p>Mesa M. L Falc\u00f3n HJ. Assessment of the pollution degree by petroleum in waters of the bay of SANTIAGO DE CUBA. Vol. 34, No.2, pp. 56-64, May.\/Jun. 2017 34(2), 56-64, May.\/Jun. 2017 Bolivian Journal of Chemistry<\/p>\n<p>Cruz, P.Y., P\u00e9rez, M.O., (2017). Evaluaci\u00f3n de impactos a la salud del manglar en el municipio Guam\u00e1, Santiago de Cuba, Cuba. Madera y Bosques vol. 23, n\u00fam. 1: 27-41 Primavera, 2017. Scopus\u00a0<\/p>\n<p>Vel\u00e1zquez LY., Castellanos GJ., P\u00e9rez BM., et al.: Influencia de los huracanes y otros eventos meteorol\u00f3gicos en Cuba. En Magazine Costero No. 20\u2014 Mes: Octubre\/noviembre 2017. ISSN 2346-1381. P. 11-13.<\/p>\n<p>Alarc\u00f3n, B. R. Y. (2017). Aspectos conceptuales de las autorizaciones administrativas como elementos normativos del tipo penal econ\u00f3mico. Buenos Aires (Argentina): Revista Pensamiento penal, Argentina, 14\/12\/2017. Disponible en Internet en: http:\/\/www.pensamientopenal.com.ar\/doctrina\/46103-aspectos-conceptualesautorizaciones-administrativas-elementos-normativos-del-tipo ISSN 1853- 4554 Tipo de producci\u00f3n: Art\u00edculo cient\u00edfico. Tipo de soporte: Revista<\/p>\n<p>Alarc\u00f3n, B. R. Y. (2017). Tipos penales econ\u00f3micos con autorizaciones administrativas: problem\u00e1tica actual de sus principales insuficiencias en Cuba. Buenos Aires (Argentina): Revista Pensamiento Penal, Argentina, 15\/12\/2017. Disponible en Internet en: http:\/\/www.pensamientopenal.com.ar\/doctrina\/46108-tipos-penaleseconomicos-autorizaciones-administrativas-problematica-actual-sus ISSN 1853- 4554 Tipo de producci\u00f3n: Art\u00edculo cient\u00edfico. Tipo de soporte: Revista<\/p>\n<p>P\u00e9rez,F.A.(2017).Turismo sostenible para el desarrollo, retos para lograr el bienestar del turista. \u00a0Delos Eumed ISBN-13: 978-84-16874-52-1.\u00a0<\/p>\n<p>Vel\u00e1zquez, L.Y., Castellanos, G.J., P\u00e9rez, BM., et al. (2017) : Influencia de los huracanes y otros eventos meteorol\u00f3gicos en Cuba. En Magazine Costero No. 20\u2014 Mes: Octubre\/noviembre 2017. ISSN 2346-1381. P. 11-13.<\/p>\n<p>Cruz, P.Y., P\u00e9rez, M.O., (2017). Evaluaci\u00f3n de impactos a la salud del manglar en el municipio Guam\u00e1, Santiago de Cuba, Cuba. Madera y Bosques vol. 23, n\u00fam. 1: 27-41 Primavera, 2017. Scopus\u00a0<\/p>\n<\/div><\/div>\n<div class=\"su-spoiler su-spoiler-style-fancy su-spoiler-icon-plus su-spoiler-closed\" data-scroll-offset=\"0\" data-anchor-in-url=\"no\"><div class=\"su-spoiler-title\" tabindex=\"0\" role=\"button\"><span class=\"su-spoiler-icon\"><\/span>2016<\/div><div class=\"su-spoiler-content su-u-clearfix su-u-trim\">\nP\u00e9rez,F.A.(2016).La integraci\u00f3n de la gesti\u00f3n de riesgos en la gesti\u00f3n del desarrollo local desde la perspectiva de la vulnerabilidad ambiental en los territorios. Delos Eumed Vol 5. N\u00ba 13 www.eumed.net\/rev\/delos\/13,\u00a0<\/p>\n<p>P\u00e9rez,F.A.(2016).La gesti\u00f3n del riesgo ambiental como una de las estrategias fundamentales del desarrollo local. Delos Eumed, el ISBN-13: 978-84-15774-10-5.<\/p>\n<p>P\u00e9rez,F.A.(2016).Reflejo del pensamiento ambiental<br \/>\nen la gesti\u00f3n del riesgo, Revista Retos de la Direcci\u00f3n \u00a0\u00a0\u00a0Volumen 5 No(1) 2016: pp 82-89 I S S N 1 9 9 7 &#8211; 3 8 3 7<\/p>\n<p>Alarc\u00f3n, B. R. Y. (2016). Un acercamiento de lege ferenda al dise\u00f1o curricular de la litigaci\u00f3n penal como competencia profesional, en la carrera de Derecho en la Universidad de Oriente, Cuba, ISSN: 1853-9092. Universidad Nacional de San Luis, Argentina. Facultad de Ciencias Humanas. Indexada en: REBID Red Iberoamericana de Innovaci\u00f3n y Conocimiento Cient\u00edfico; CLACSO. http:\/\/www.argonautas.unsl.edu.ar\/13%20alarcon%207.html. Nombre del material: Argonautas. Revista Digital de Educaci\u00f3n y Ciencias Sociales. A\u00f1o 6, No. 7, Octubre 2016. Fecha de elaboraci\u00f3n: 01\/10\/2016. Tipo de soporte: Art\u00edculo\/s<\/p>\n<p>Alarc\u00f3n, B. R. Y. (2016). Un acercamiento de lege ferenda al dise\u00f1o curricular de la litigaci\u00f3n penal como competencia profesional, en la carrera de Derecho en la Universidad de Oriente, Cuba., ISSN: 1853-4554. Inscripta en la DPPJ de Buenos Aires; Matr\u00edcula 39510. Disponible en: http:\/\/www.pensamientopenal.com.ar\/doctrina\/43575-acercamiento-lege-ferendaal-diseno-curricular-litigacion-penal-competencia. Nombre del material: Revista Pensamiento Penal. Argentina. Fecha de elaboraci\u00f3n: 07\/06\/2016. Tipo de soporte: Art\u00edculo\/s<\/p>\n<p>Alarc\u00f3n, B. R. Y. (2016). Propuesta did\u00e1ctica para la formaci\u00f3n de la competencia litigaci\u00f3n penal desde el Ejercicio Jur\u00eddico Integrador IV, en los estudiantes de cuarto a\u00f1o de la carrera de Derecho, en la Universidad de Oriente, Cuba., Universidad Nacional de San Luis, Argentina. Facultad de Ciencias Humanas. Indexada en: REBID Red Iberoamericana de Innovaci\u00f3n y Conocimiento Cient\u00edfico; CLACSO. Nombre del material: Argonautas. Revista Digital de Educaci\u00f3n y Ciencias Sociales. A\u00f1o 6, No. 6, Abril 2016. ISSN: 1853-9092. Fecha de elaboraci\u00f3n: 01\/04\/2016. Tipo de soporte: Art\u00edculo\/s<\/p>\n<p>Alarc\u00f3n, B. R. Y., Mil\u00e1n, N. (2016). La mediaci\u00f3n en la Empresa familiar cubana: necesarias aproximaciones sin matices de cruzada. Cuestiones Jur\u00eddicas de la Empresa Familiar en Espa\u00f1a y en Cuba. Libro coordinado por: Raquel Guill\u00e9n Catal\u00e1n, Ra\u00fal Vega Cardona. ISBN: 978-84-9099-583-9. Editorial: Aranzadi; Colecci\u00f3n: DUO Monog. Suscripci\u00f3n. Espa\u00f1a. 2016. Cuestiones Jur\u00eddicas de la Empresa Familiar en Espa\u00f1a y en Cuba. Libro coordinado por: Raquel Guill\u00e9n Catal\u00e1n, Ra\u00fal Vega Cardona. ISBN: 978-84-9099-583-9. Editorial: Aranzadi; Colecci\u00f3n: DUO Monog. Suscripci\u00f3n. Espa\u00f1a. 2016., 2016. Tipo de producci\u00f3n: Art\u00edculo cient\u00edfico. Tipo de soporte: Libro<\/p>\n<p>Milan\u00e9s, B.C., P\u00e9rez, M.O., (2016). Ordenamiento y manejo integrado de la zona costera frente a los riesgos del cambio clim\u00e1tico en la regi\u00f3n Suroriental de Cuba. Revista Anales de la Academia de ciencias de Cuba. Vol 6 No3 2016 ISSN: 2304-0106<\/p>\n<p>P\u00e9rez, M. O, Alvarez, A. A., G\u00f3mez, V. Y., (2016). Cambio clim\u00e1tico y vulnerabilidades en Cuba. En Variabilidad y Cambio Clim\u00e1tico. Impactos, vulnerabilidad y Adaptaci\u00f3n al cambio clim\u00e1tico en Am\u00e9rica Latina y el Caribe. Propuestas para m\u00e9todos de evaluaci\u00f3n. Coordinadores. Dra. Ana Cecilia Conde Alvarez y Dr. Jorge L\u00f3pez Blanco. 140p Primera Edici\u00f3n: 2016. Instituto Nacional de Ecolog\u00eda y Cambio Clim\u00e1tico, M\u00e9xico. http:\/\/www.gob.mx\/<br \/>\n <\/div><\/div>\n<\/div>\n\n\n\n<p><\/p>\n","protected":false},"excerpt":{"rendered":"","protected":false},"author":21,"featured_media":0,"parent":25,"menu_order":0,"comment_status":"closed","ping_status":"closed","template":"","meta":{"_mc_calendar":[],"footnotes":""},"class_list":["post-309","page","type-page","status-publish","hentry"],"_links":{"self":[{"href":"https:\/\/www.cent.uo.edu.cu\/cemzoc-uo\/wp-json\/wp\/v2\/pages\/309","targetHints":{"allow":["GET"]}}],"collection":[{"href":"https:\/\/www.cent.uo.edu.cu\/cemzoc-uo\/wp-json\/wp\/v2\/pages"}],"about":[{"href":"https:\/\/www.cent.uo.edu.cu\/cemzoc-uo\/wp-json\/wp\/v2\/types\/page"}],"author":[{"embeddable":true,"href":"https:\/\/www.cent.uo.edu.cu\/cemzoc-uo\/wp-json\/wp\/v2\/users\/21"}],"replies":[{"embeddable":true,"href":"https:\/\/www.cent.uo.edu.cu\/cemzoc-uo\/wp-json\/wp\/v2\/comments?post=309"}],"version-history":[{"count":120,"href":"https:\/\/www.cent.uo.edu.cu\/cemzoc-uo\/wp-json\/wp\/v2\/pages\/309\/revisions"}],"predecessor-version":[{"id":6130,"href":"https:\/\/www.cent.uo.edu.cu\/cemzoc-uo\/wp-json\/wp\/v2\/pages\/309\/revisions\/6130"}],"up":[{"embeddable":true,"href":"https:\/\/www.cent.uo.edu.cu\/cemzoc-uo\/wp-json\/wp\/v2\/pages\/25"}],"wp:attachment":[{"href":"https:\/\/www.cent.uo.edu.cu\/cemzoc-uo\/wp-json\/wp\/v2\/media?parent=309"}],"curies":[{"name":"wp","href":"https:\/\/api.w.org\/{rel}","templated":true}]}}