{"id":4450,"date":"2023-03-08T09:42:55","date_gmt":"2023-03-08T13:42:55","guid":{"rendered":"https:\/\/www.cent.uo.edu.cu\/cemzoc-uo\/?page_id=4450"},"modified":"2023-03-08T09:44:12","modified_gmt":"2023-03-08T13:44:12","slug":"libros","status":"publish","type":"page","link":"https:\/\/www.cent.uo.edu.cu\/cemzoc-uo\/resultados\/publicaciones\/libros\/","title":{"rendered":"Libros"},"content":{"rendered":"\n<style type=\"text\/css\">\r\n\/* Search Panel *\/\r\n.wbg-search-container {\r\n    background: #FFFFFF;\r\n    border: 0px solid #CCCCCC;\r\n    border-radius: 0px;\r\n    margin-top: 0px;\r\n    margin-bottom: 10px;\r\n}\r\n\/* Search Input *\/\r\n.wbg-search-container .wbg-search-item input[type=\"text\"],\r\n.selectize-control.single .selectize-input,\r\n.selectize-dropdown [data-selectable].option {\r\n    background-color: #FFFFFF;\r\n    color: #242424!important;\r\n    font-size: 14px;\r\n}\r\n.selectize-input input {\r\n    color: #242424!important;\r\n}\r\n\r\n.selectize-dropdown [data-selectable].option {\r\n    cursor: pointer;\r\n    border-bottom: 1px solid #EEE;\r\n    padding-bottom: 5px;\r\n}\r\n\/* Search Button *\/\r\n.wbg-search-container .wbg-search-item .submit-btn {\r\n    background: #0274be;\r\n    border: 1px solid #317081;\r\n    color: #FFFFFF;\r\n    font-size: 14px;\r\n    font-weight: 700;\r\n}\r\n.wbg-search-container .wbg-search-item .submit-btn:hover {\r\n    background: #EAEAEA;\r\n    color: #242424;\r\n}\r\n\/* Search Reset Button *\/\r\n.wbg-search-container .wbg-search-item a#wbg-search-refresh {\r\n    background: #EEEEEE;\r\n    border: 1px solid #999999;\r\n    color: #111111;\r\n    width: 45px;\r\n    font-size: 18px;\r\n}\r\n.wbg-search-container .wbg-search-item a#wbg-search-refresh:hover {\r\n    background: #6fa0df;\r\n    color: #FFFFFF;\r\n    border: 1px solid #6fa0df;\r\n}\r\n<\/style><style type=\"text\/css\">\r\n    .wbg-parent-wrapper {\r\n    background: #FFF;\r\n    border: 1px solid #FFFFFF;\r\n    max-width: 1200px;\r\n    margin-top: 0px;\r\n    margin-bottom: 0px;\r\n    padding: 0px;\r\n    border-radius: 0px;\r\n  }\r\n  .wbg-main-wrapper .wbg-item {\r\n    border: 1px solid #FFFFFF;\r\n    background-color: #F4F4F4;\r\n    white-space: normal;\r\n    padding-top: 10px;\r\n    padding-right: 10px;\r\n    padding-left: 10px;\r\n  }\r\n  \/*\r\n  .wbg-main-wrapper .wbg-item img {\r\n    width: ;\r\n    height: ;\r\n  }\r\n  *\/\r\n  .wbg-main-wrapper .wbg-item img:hover {\r\n      }\r\n  .wbg-main-wrapper .wbg-item a.wbg-btn {\r\n    background: #0274be;\r\n    color: #FFFFFF;\r\n    font-size: 12px;\r\n  }\r\n  .wbg-main-wrapper .wbg-item a.wbg-btn:hover {\r\n    background: #0274be;\r\n    color: #FFFFFF;\r\n  }\r\n  .wbg-main-wrapper .wbg-item .wgb-item-link {\r\n    color: #242424 !important;\r\n    font-size: 18px !important;\r\n  }\r\n  .wbg-main-wrapper .wbg-item .wgb-item-link:hover {\r\n    color: #FF0000 !important;\r\n  }\r\n  .wbg-main-wrapper .wbg-item .wbg-description-content {\r\n    font-size: 12px !important;\r\n    color: #242424 !important;\r\n  }\r\n  \r\n  @-webkit-keyframes rotation {\r\n    from {\r\n      -webkit-transform: rotate(0deg);\r\n    }\r\n    to {\r\n      -webkit-transform: rotate(360deg);\r\n    }\r\n  }\r\n\r\n  \/* List style *\/\r\n  .wbg-main-wrapper.list .wbg-item-list-wrapper {\r\n      border-bottom: 1px solid #FFFFFF;\r\n      background-color: #F4F4F4;\r\n      white-space: normal;\r\n  }\r\n  .wbg-main-wrapper.list .wbg-item-list-wrapper .wbg-item-list-detials .wbg-title h3.wgb-item-link,\r\n  .wbg-main-wrapper.list .wbg-item-list-wrapper .wbg-item-list-detials .wbg-title a.wgb-item-link {\r\n      color: #242424 !important;\r\n      font-size: 18px !important;\r\n  }\r\n  .wbg-main-wrapper.list .wbg-item-list-wrapper .wbg-item-list-detials .wbg-title h3.wgb-item-link:hover,\r\n  .wbg-main-wrapper.list .wbg-item-list-wrapper .wbg-item-list-detials .wbg-title a.wgb-item-link:hover {\r\n      color: #FF0000 !important;\r\n  }\r\n  .wbg-main-wrapper.list .wbg-item-list-wrapper .wbg-item-list-detials .regular-price .wbgp-price {\r\n    font-size: 16px;\r\n  }\r\n  .wbg-main-wrapper.list .wbg-item-list-wrapper .wbg-item-list-detials .regular-price .wbgp-price.price-after {\r\n      color: #13b651;\r\n  }\r\n  .wbg-main-wrapper.list .wbg-item-list-wrapper .wbg-item-list-detials .regular-price .wbgp-price.price-before {\r\n      color: #ff7162;\r\n  }\r\n  .wbg-main-wrapper.list .wbg-item-list-wrapper .wbg-item-list-detials span.loop-author,\r\n  .wbg-main-wrapper.list .wbg-item-list-wrapper .wbg-item-list-detials span.loop-author a.wbg-list-author {\r\n    color: #555555;\r\n    font-size: 11px !important;\r\n  }\r\n  .wbg-main-wrapper.list .wbg-item-list-wrapper .wbg-item-list-detials span.loop-category,\r\n  .wbg-main-wrapper.list .wbg-item-list-wrapper .wbg-item-list-detials span.loop-category a.wbg-list-cat {\r\n    color: #555555;\r\n    font-size: 11px !important;\r\n  }\r\n  .wbg-main-wrapper.list .wbg-item-list-wrapper .wbg-item-list-detials .wbg-description-content {\r\n      font-size: 12px !important;\r\n      color: #242424 !important;\r\n  }\r\n  .wbg-main-wrapper .wbg-item-list-wrapper a.wbg-btn {\r\n      background: #0274be;\r\n      color: #FFFFFF;\r\n      font-size: 12px;\r\n  }\r\n  .wbg-main-wrapper .wbg-item-list-wrapper a.wbg-btn:hover {\r\n      background: #0274be;\r\n      color: #FFFFFF;\r\n  }\r\n<\/style><div class=\"wbg-parent-wrapper\">\r\n  <form method=\"GET\" action=\"https:\/\/www.cent.uo.edu.cu\/cemzoc-uo\/books\" id=\"wbg-search-form\">\r\n    <div class=\"wrap wbg-search-container\">\r\n              <div class=\"wbg-search-item\">\r\n            <input type=\"text\" name=\"wbg_title_s\" placeholder=\"Book Title\" value=\"\">\r\n          <\/div>\r\n                    <div class=\"wbg-search-item\">\r\n            <input type=\"text\" name=\"wbg_isbn_s\" placeholder=\"ISBN-10\" value=\"\">\r\n          <\/div>\r\n                    <div class=\"wbg-search-item\">\r\n            <select id=\"wbg_category_s\" name=\"wbg_category_s\" class=\"wbg-selectize\">\r\n                <option value=\"\">Todas las categor\u00edas<\/option>\r\n                            <\/select>\r\n          <\/div>\r\n                      <div class=\"wbg-search-item\">\r\n              <select id=\"wbg_author_s\" name=\"wbg_author_s\" class=\"wbg-selectize\">\r\n                  <option value=\"\">All Authors<\/option>\r\n                                      <option value=\"Camilo-Mateo Botero, Celene Milan\u00e9s, Leonel Inciarte, Omar Vivas Miriam Arrizabalaga\"  >Camilo-Mateo Botero, Celene Milan\u00e9s, Leonel Inciarte, Omar Vivas Miriam Arrizabalaga<\/option>\r\n                                      <option value=\"Celene Mil\u00e1nes Bastita, Roberto Enrique Lastra Mier, Paula Cristina Sierra-Correa\"  >Celene Mil\u00e1nes Bastita, Roberto Enrique Lastra Mier, Paula Cristina Sierra-Correa<\/option>\r\n                                      <option value=\"Celene Milan\u00e9s Batista , Beatriz Victoria Acosta Velasco\"  >Celene Milan\u00e9s Batista , Beatriz Victoria Acosta Velasco<\/option>\r\n                                      <option value=\"Celene Milan\u00e9s Batista, Claudio Fabian Szlafsztein\"  >Celene Milan\u00e9s Batista, Claudio Fabian Szlafsztein<\/option>\r\n                                      <option value=\"Celene Milan\u00e9s Batista, Isabel Mar\u00eda Borges Ch\u00e1vez, Alejandro Milan\u00e9s Rodr\u00edguez\"  >Celene Milan\u00e9s Batista, Isabel Mar\u00eda Borges Ch\u00e1vez, Alejandro Milan\u00e9s Rodr\u00edguez<\/option>\r\n                                      <option value=\"Celene Mil\u00e1nes Batista, Liber Galb\u00e1n Rodr\u00edguez, Nadia J. Olaya Coronado\"  >Celene Mil\u00e1nes Batista, Liber Galb\u00e1n Rodr\u00edguez, Nadia J. Olaya Coronado<\/option>\r\n                                      <option value=\"Colectivo de Autores\"  >Colectivo de Autores<\/option>\r\n                                      <option value=\"Colectivos de Autores, Coordinadores Ana Cecilia Conde \u00c1lvarez y Jorge L\u00f3pez Blanco\"  >Colectivos de Autores, Coordinadores Ana Cecilia Conde \u00c1lvarez y Jorge L\u00f3pez Blanco<\/option>\r\n                                      <option value=\"Humberto Alejandro Tamayo Yero, Vivian Aim\u00e9e Milan\u00e9s, Celene Milan\u00e9s Batista\"  >Humberto Alejandro Tamayo Yero, Vivian Aim\u00e9e Milan\u00e9s, Celene Milan\u00e9s Batista<\/option>\r\n                                      <option value=\"Nubia Garz\u00f3n Barrero, Bianca Su\u00e1rez-Puerta, Itzel Sosa-Arg\u00e1ez y Omar Cervantes\"  >Nubia Garz\u00f3n Barrero, Bianca Su\u00e1rez-Puerta, Itzel Sosa-Arg\u00e1ez y Omar Cervantes<\/option>\r\n                                      <option value=\"Ofelia P\u00e9rez Montero y Yunior Ram\u00f3n Vel\u00e1zquez Labrada\"  >Ofelia P\u00e9rez Montero y Yunior Ram\u00f3n Vel\u00e1zquez Labrada<\/option>\r\n                                      <option value=\"Yanet Cruz Portorreal\"  >Yanet Cruz Portorreal<\/option>\r\n                                      <option value=\"Yordan Infante Gilart, Celene Milan\u00e9s Batista, Ofelia P\u00e9rez Montero\"  >Yordan Infante Gilart, Celene Milan\u00e9s Batista, Ofelia P\u00e9rez Montero<\/option>\r\n                                      <option value=\"Yunior Ram\u00f3n Vel\u00e1zquez Labrada y Ofelia P\u00e9rez Montero\"  >Yunior Ram\u00f3n Vel\u00e1zquez Labrada y Ofelia P\u00e9rez Montero<\/option>\r\n                                <\/select>\r\n            <\/div>\r\n            \r\n    <div class=\"wbg-search-item\">\r\n      <input type=\"submit\" class=\"button submit-btn\" value=\"Search Books\">\r\n    <\/div>\r\n\r\n          <div class=\"wbg-search-item refresh\">\r\n        <a href=\"https:\/\/www.cent.uo.edu.cu\/cemzoc-uo\/books\" id=\"wbg-search-refresh\">\r\n                        <span class=\"fa fa-refresh\"><\/span>\r\n                      <\/a>\r\n      <\/div>\r\n        <\/div>\r\n<\/form>    <div class=\"wbg-main-wrapper wbg-product-column-4 wbg-product-column-mobile-1 grid\">\r\n      <div class=\"wbg-item\">\r\n            <a class=\"wgb-item-link\" href=\"https:\/\/www.cent.uo.edu.cu\/cemzoc-uo\/books\/amenazas-riesgos-y-desastres-vision-teorico-metodologica-y-experiencias-reales\/\" target=\"_self\">\r\n            <img decoding=\"async\" src=\"https:\/\/www.cent.uo.edu.cu\/cemzoc-uo\/files\/2023\/03\/2017_Libro-Amenazas-Riesgos-y-Desastres-_1-209x300.jpg\" alt=\"Amenazas, riesgos y desastres: Visi\u00f3n te\u00f3rico-metodol\u00f3gica y experiencias reales\" style=\"height:200px; object-fit: fill;\">            Amenazas, riesgos y desastres: Visi\u00f3n te\u00f3rico-metodol\u00f3gica y experiencias reales        <\/a>\r\n                    <span class=\"loop-author\">\r\n                &nbsp;<a href=\"?wbg_author_s=Celene+Mil%C3%A1nes+Batista%2C+Liber+Galb%C3%A1n+Rodr%C3%ADguez%2C+Nadia+J.+Olaya+Coronado\" class=\"wbg-single-link\">Celene Mil\u00e1nes Batista, Liber Galb\u00e1n Rodr\u00edguez, Nadia J. Olaya Coronado<\/a>            <\/span>\r\n                <!-- Button Panel -->\r\n    <div class=\"wbg-button-container\">\r\n                                <a href=\"https:\/\/drive.google.com\/file\/d\/1laLGS0FwacVn89OL3b1XY-K5ClWaFGfA\/view?usp=share_link\" class=\"button wbg-btn\" target=&quot;_blank&quot;>\r\n                            <i class=\"fa-solid fa-download\"><\/i>&nbsp;Descargar                        <\/a>\r\n                            <\/div>\r\n<\/div><div class=\"wbg-item\">\r\n            <a class=\"wgb-item-link\" href=\"https:\/\/www.cent.uo.edu.cu\/cemzoc-uo\/books\/aportes-para-la-gobernanza-marino-costera-gestion-del-riesgo-gobernabilidad-y-distritos-costeros\/\" target=\"_self\">\r\n            <img decoding=\"async\" src=\"https:\/\/www.cent.uo.edu.cu\/cemzoc-uo\/files\/2023\/03\/gobernanza-277x300.jpg\" alt=\"Aportes para la gobernanza marino-costera. Gesti\u00f3n del riesgo, gobernabilidad y distritos costeros\" style=\"height:200px; object-fit: fill;\">            Aportes para la gobernanza marino-costera. Gesti\u00f3n del riesgo, gobernabilidad y distritos costeros        <\/a>\r\n                    <span class=\"loop-author\">\r\n                &nbsp;<a href=\"?wbg_author_s=Camilo-Mateo+Botero%2C+Celene+Milan%C3%A9s%2C+Leonel+Inciarte%2C+Omar+Vivas+Miriam+Arrizabalaga\" class=\"wbg-single-link\">Camilo-Mateo Botero, Celene Milan\u00e9s, Leonel Inciarte, Omar Vivas Miriam Arrizabalaga<\/a>            <\/span>\r\n                <!-- Button Panel -->\r\n    <div class=\"wbg-button-container\">\r\n                                <a href=\"https:\/\/drive.google.com\/file\/d\/1H0z12xbl1kali4DRq4F-FMlKUXBk45Xu\/view?usp=share_link\" class=\"button wbg-btn\" target=&quot;_blank&quot;>\r\n                            <i class=\"fa-solid fa-download\"><\/i>&nbsp;Descargar                        <\/a>\r\n                            <\/div>\r\n<\/div><div class=\"wbg-item\">\r\n            <a class=\"wgb-item-link\" href=\"https:\/\/www.cent.uo.edu.cu\/cemzoc-uo\/books\/crecer-con-los-manglares\/\" target=\"_self\">\r\n            <img decoding=\"async\" src=\"https:\/\/www.cent.uo.edu.cu\/cemzoc-uo\/files\/2023\/03\/2014_Crecer-con-los-mangles_1-197x300.jpg\" alt=\"Crecer con los manglares\" style=\"height:200px; object-fit: fill;\">            Crecer con los manglares        <\/a>\r\n                    <span class=\"loop-author\">\r\n                &nbsp;<a href=\"?wbg_author_s=Yanet+Cruz+Portorreal\" class=\"wbg-single-link\">Yanet Cruz Portorreal<\/a>            <\/span>\r\n                <!-- Button Panel -->\r\n    <div class=\"wbg-button-container\">\r\n                                <a href=\"https:\/\/drive.google.com\/file\/d\/1H_cJ8MQZAreXB8I7JdoJwpRML3glc6Ob\/view?usp=share_link\" class=\"button wbg-btn\" target=&quot;_blank&quot;>\r\n                            <i class=\"fa-solid fa-download\"><\/i>&nbsp;Descargar                        <\/a>\r\n                            <\/div>\r\n<\/div><div class=\"wbg-item\">\r\n            <a class=\"wgb-item-link\" href=\"https:\/\/www.cent.uo.edu.cu\/cemzoc-uo\/books\/ecosistemas-y-cambio-climatico-desafios-en-la-gestion-integrada-costera-en-el-oriente-de-cuba\/\" target=\"_self\">\r\n            <img decoding=\"async\" src=\"https:\/\/www.cent.uo.edu.cu\/cemzoc-uo\/files\/2025\/11\/libro_2-232x300.jpg\" alt=\"Ecosistemas y Cambio Clim\u00e1tico : Desaf\u00edos en la gesti\u00f3n integrada costera en el Oriente de Cuba\" style=\"height:200px; object-fit: fill;\">            Ecosistemas y Cambio Clim\u00e1tico : Desaf\u00edos en la gesti\u00f3n integrada costera en el Oriente de Cuba        <\/a>\r\n                    <span class=\"loop-author\">\r\n                &nbsp;<a href=\"?wbg_author_s=Ofelia+P%C3%A9rez+Montero+y+Yunior+Ram%C3%B3n+Vel%C3%A1zquez+Labrada\" class=\"wbg-single-link\">Ofelia P\u00e9rez Montero y Yunior Ram\u00f3n Vel\u00e1zquez Labrada<\/a>            <\/span>\r\n                <!-- Button Panel -->\r\n    <div class=\"wbg-button-container\">\r\n                                <a href=\"http:\/\/www.cent.uo.edu.cu\/cemzoc-uo\/files\/2026\/01\/Ecosistemas-y-Cambio-Climatico.pdf\" class=\"button wbg-btn\" target=&quot;_blank&quot;>\r\n                            <i class=\"fa-solid fa-download\"><\/i>&nbsp;Descargar                        <\/a>\r\n                            <\/div>\r\n<\/div><div class=\"wbg-item\">\r\n            <a class=\"wgb-item-link\" href=\"https:\/\/www.cent.uo.edu.cu\/cemzoc-uo\/books\/estudios-de-caso-sobre-manejo-integrado-de-zonas-costeras-en-iberoamerica-gestion-riesgo-y-buenas-practicas\/\" target=\"_self\">\r\n            <img decoding=\"async\" src=\"https:\/\/www.cent.uo.edu.cu\/cemzoc-uo\/files\/2023\/03\/2019-Experiencias-de-MIZC-en-Iberoamerica_1-209x300.jpg\" alt=\"Estudios de caso sobre manejo integrado de zonas costeras en Iberoam\u00e9rica: gesti\u00f3n,\u00a0riesgo y buenas pr\u00e1cticas\" style=\"height:200px; object-fit: fill;\">            Estudios de caso sobre manejo integrado de zonas costeras en Iberoam\u00e9rica: gesti\u00f3n,\u00a0riesgo y buenas pr\u00e1cticas        <\/a>\r\n                    <span class=\"loop-author\">\r\n                &nbsp;<a href=\"?wbg_author_s=Celene+Mil%C3%A1nes+Bastita%2C+Roberto+Enrique+Lastra+Mier%2C+Paula+Cristina+Sierra-Correa\" class=\"wbg-single-link\">Celene Mil\u00e1nes Bastita, Roberto Enrique Lastra Mier, Paula Cristina Sierra-Correa<\/a>            <\/span>\r\n                <!-- Button Panel -->\r\n    <div class=\"wbg-button-container\">\r\n                                <a href=\"https:\/\/drive.google.com\/file\/d\/1kGNeBICqorJ97OvD363KDBhIM0Y1uu2K\/view?usp=share_link\" class=\"button wbg-btn\" target=&quot;_blank&quot;>\r\n                            <i class=\"fa-solid fa-download\"><\/i>&nbsp;Descargar                        <\/a>\r\n                            <\/div>\r\n<\/div><div class=\"wbg-item\">\r\n            <a class=\"wgb-item-link\" href=\"https:\/\/www.cent.uo.edu.cu\/cemzoc-uo\/books\/experiencias-metodologicas-para-la-gestion-del-riesgo\/\" target=\"_self\">\r\n            <img decoding=\"async\" src=\"https:\/\/www.cent.uo.edu.cu\/cemzoc-uo\/files\/2023\/03\/2018_Libro-Version-Final-Experiencias-metodologicas-para-la-gestion-del-riesgo-225x300.jpg\" alt=\"Experiencias metodol\u00f3gicas para la gesti\u00f3n del riesgo\" style=\"height:200px; object-fit: fill;\">            Experiencias metodol\u00f3gicas para la gesti\u00f3n del riesgo        <\/a>\r\n                    <span class=\"loop-author\">\r\n                &nbsp;<a href=\"?wbg_author_s=Celene+Milan%C3%A9s+Batista%2C+Claudio+Fabian+Szlafsztein\" class=\"wbg-single-link\">Celene Milan\u00e9s Batista, Claudio Fabian Szlafsztein<\/a>            <\/span>\r\n                <!-- Button Panel -->\r\n    <div class=\"wbg-button-container\">\r\n                                <a href=\"https:\/\/drive.google.com\/file\/d\/1fJNI4JyCYIcmLqHlYN46ddr5rcaeTS_D\/view?usp=share_link\" class=\"button wbg-btn\" target=&quot;_blank&quot;>\r\n                            <i class=\"fa-solid fa-download\"><\/i>&nbsp;Descargar                        <\/a>\r\n                            <\/div>\r\n<\/div><div class=\"wbg-item\">\r\n            <a class=\"wgb-item-link\" href=\"https:\/\/www.cent.uo.edu.cu\/cemzoc-uo\/books\/manejo-integrado-de-zonas-costeras-en-cuba-estado-actual-retos-y-desafios\/\" target=\"_self\">\r\n            <img decoding=\"async\" src=\"https:\/\/www.cent.uo.edu.cu\/cemzoc-uo\/files\/2023\/03\/mizc-194x300.jpg\" alt=\"Manejo Integrado de Zonas Costeras en Cuba. Estado actual, retos y desafios\" style=\"height:200px; object-fit: fill;\">            Manejo Integrado de Zonas Costeras en Cuba. Estado actual, retos y desafios        <\/a>\r\n                    <span class=\"loop-author\">\r\n                &nbsp;<a href=\"?wbg_author_s=Colectivo+de+Autores\" class=\"wbg-single-link\">Colectivo de Autores<\/a>            <\/span>\r\n                <!-- Button Panel -->\r\n    <div class=\"wbg-button-container\">\r\n                                <a href=\"https:\/\/drive.google.com\/file\/d\/1B-pia4NZYXqHUtMI_rGbMh-jiCYq06hq\/view?usp=share_link\" class=\"button wbg-btn\" target=&quot;_blank&quot;>\r\n                            <i class=\"fa-solid fa-download\"><\/i>&nbsp;Descargar                        <\/a>\r\n                            <\/div>\r\n<\/div><div class=\"wbg-item\">\r\n            <a class=\"wgb-item-link\" href=\"https:\/\/www.cent.uo.edu.cu\/cemzoc-uo\/books\/metodologia-para-el-ordenamiento-marino-costero-en-playas\/\" target=\"_self\">\r\n            <img decoding=\"async\" src=\"https:\/\/www.cent.uo.edu.cu\/cemzoc-uo\/files\/2023\/03\/Milanes-y-Acosta-2021_1-214x300.jpg\" alt=\"Metodolog\u00eda para el ordenamiento marino costero en playas\" style=\"height:200px; object-fit: fill;\">            Metodolog\u00eda para el ordenamiento marino costero en playas        <\/a>\r\n                    <span class=\"loop-author\">\r\n                &nbsp;<a href=\"?wbg_author_s=Celene+Milan%C3%A9s+Batista+%2C+Beatriz+Victoria+Acosta+Velasco\" class=\"wbg-single-link\">Celene Milan\u00e9s Batista , Beatriz Victoria Acosta Velasco<\/a>            <\/span>\r\n                <!-- Button Panel -->\r\n    <div class=\"wbg-button-container\">\r\n                                <a href=\"https:\/\/drive.google.com\/file\/d\/1OsSP3xkps3qLSlx6b0E0VgMYnp5aw3Fy\/view?usp=share_link\" class=\"button wbg-btn\" target=&quot;_blank&quot;>\r\n                            <i class=\"fa-solid fa-download\"><\/i>&nbsp;Descargar                        <\/a>\r\n                            <\/div>\r\n<\/div><div class=\"wbg-item\">\r\n            <a class=\"wgb-item-link\" href=\"https:\/\/www.cent.uo.edu.cu\/cemzoc-uo\/books\/monografia-unidad-costera-ambiental-primaria-para-el-manejo-integrado-ucapmi-chivirico-plan-de-manejo-ante-el-cambio-climatico\/\" target=\"_self\">\r\n            <img decoding=\"async\" src=\"https:\/\/www.cent.uo.edu.cu\/cemzoc-uo\/files\/2023\/03\/Libro-CEMZOC_OK-1-244x300.jpg\" alt=\"MONOGRAF\u00cdA Unidad Costera Ambiental Primaria para el Manejo Integrado UCAPMI-Chivirico: Plan de manejo ante el cambio clim\u00e1tico\" style=\"height:200px; object-fit: fill;\">            MONOGRAF\u00cdA Unidad Costera Ambiental Primaria para el Manejo Integrado UCAPMI-Chivirico: Plan de manejo ante el cambio clim\u00e1tico        <\/a>\r\n                    <span class=\"loop-author\">\r\n                &nbsp;<a href=\"?wbg_author_s=Yordan+Infante+Gilart%2C+Celene+Milan%C3%A9s+Batista%2C+Ofelia+P%C3%A9rez+Montero\" class=\"wbg-single-link\">Yordan Infante Gilart, Celene Milan\u00e9s Batista, Ofelia P\u00e9rez Montero<\/a>            <\/span>\r\n                <!-- Button Panel -->\r\n    <div class=\"wbg-button-container\">\r\n                                <a href=\"https:\/\/drive.google.com\/file\/d\/1qau-fJ4Ch74YxjMuWT4aKIIGP1w_maXe\/view?usp=share_link\" class=\"button wbg-btn\" target=&quot;_blank&quot;>\r\n                            <i class=\"fa-solid fa-download\"><\/i>&nbsp;Descargar                        <\/a>\r\n                            <\/div>\r\n<\/div><div class=\"wbg-item\">\r\n            <a class=\"wgb-item-link\" href=\"https:\/\/www.cent.uo.edu.cu\/cemzoc-uo\/books\/objetivos-del-desarrollo-sostenible-en-la-gestion-marino-costera\/\" target=\"_self\">\r\n            <img decoding=\"async\" src=\"https:\/\/www.cent.uo.edu.cu\/cemzoc-uo\/files\/2024\/02\/Captura-213x300.png\" alt=\"Objetivos del desarrollo sostenible en la gesti\u00f3n marino costera\" style=\"height:200px; object-fit: fill;\">            Objetivos del desarrollo sostenible en la gesti\u00f3n marino costera        <\/a>\r\n                    <span class=\"loop-author\">\r\n                &nbsp;<a href=\"?wbg_author_s=Nubia+Garz%C3%B3n+Barrero%2C+Bianca+Su%C3%A1rez-Puerta%2C+Itzel+Sosa-Arg%C3%A1ez+y+Omar+Cervantes\" class=\"wbg-single-link\">Nubia Garz\u00f3n Barrero, Bianca Su\u00e1rez-Puerta, Itzel Sosa-Arg\u00e1ez y Omar Cervantes<\/a>            <\/span>\r\n                <!-- Button Panel -->\r\n    <div class=\"wbg-button-container\">\r\n                                <a href=\"https:\/\/editorial.sophicol.org\/wp-content\/uploads\/2024\/02\/Objetivos-del-desarrollo-sostenible-en-la-gestion-marino-costera.pdf\" class=\"button wbg-btn\" target=&quot;_blank&quot;>\r\n                            <i class=\"fa-solid fa-download\"><\/i>&nbsp;Descargar                        <\/a>\r\n                            <\/div>\r\n<\/div><div class=\"wbg-item\">\r\n            <a class=\"wgb-item-link\" href=\"https:\/\/www.cent.uo.edu.cu\/cemzoc-uo\/books\/plan-parcial-de-renovacion-de-playas-renovaplaya\/\" target=\"_self\">\r\n            <img decoding=\"async\" src=\"https:\/\/www.cent.uo.edu.cu\/cemzoc-uo\/files\/2023\/11\/Milansetal.2023RenovaPlaya_1-211x300.jpg\" alt=\"Plan Parcial de Renovaci\u00f3n de Playas: RenovaPlaya\" style=\"height:200px; object-fit: fill;\">            Plan Parcial de Renovaci\u00f3n de Playas: RenovaPlaya        <\/a>\r\n                    <span class=\"loop-author\">\r\n                &nbsp;<a href=\"?wbg_author_s=Celene+Milan%C3%A9s+Batista%2C+Isabel+Mar%C3%ADa+Borges+Ch%C3%A1vez%2C+Alejandro+Milan%C3%A9s+Rodr%C3%ADguez\" class=\"wbg-single-link\">Celene Milan\u00e9s Batista, Isabel Mar\u00eda Borges Ch\u00e1vez, Alejandro Milan\u00e9s Rodr\u00edguez<\/a>            <\/span>\r\n                <!-- Button Panel -->\r\n    <div class=\"wbg-button-container\">\r\n                                <a href=\"https:\/\/repositorio.cuc.edu.co\/bitstream\/handle\/11323\/10604\/RenovaPlayas.pdf?sequence=1&#038;isAllowed=y\" class=\"button wbg-btn\" target=&quot;_blank&quot;>\r\n                            <i class=\"fa-solid fa-download\"><\/i>&nbsp;Descargar                        <\/a>\r\n                            <\/div>\r\n<\/div><div class=\"wbg-item\">\r\n            <a class=\"wgb-item-link\" href=\"https:\/\/www.cent.uo.edu.cu\/cemzoc-uo\/books\/playas-en-el-oriente-de-cuba-del-monitoreo-a-las-propuestas-de-manejo-integrado-costero\/\" target=\"_self\">\r\n            <img decoding=\"async\" src=\"https:\/\/www.cent.uo.edu.cu\/cemzoc-uo\/files\/2025\/10\/libro-232x300.jpg\" alt=\"Playas en el Oriente de Cuba: Del monitoreo a las propuestas de manejo integrado costero\" style=\"height:200px; object-fit: fill;\">            Playas en el Oriente de Cuba: Del monitoreo a las propuestas de manejo integrado costero        <\/a>\r\n                    <span class=\"loop-author\">\r\n                &nbsp;<a href=\"?wbg_author_s=Yunior+Ram%C3%B3n+Vel%C3%A1zquez+Labrada+y+Ofelia+P%C3%A9rez+Montero\" class=\"wbg-single-link\">Yunior Ram\u00f3n Vel\u00e1zquez Labrada y Ofelia P\u00e9rez Montero<\/a>            <\/span>\r\n                <!-- Button Panel -->\r\n    <div class=\"wbg-button-container\">\r\n                                <a href=\"https:\/\/ediciones.uo.edu.cu\/index.php\/e1\/catalog\/view\/1896\/152\/214661\" class=\"button wbg-btn\" target=&quot;_blank&quot;>\r\n                            <i class=\"fa-solid fa-download\"><\/i>&nbsp;Descargar                        <\/a>\r\n                            <\/div>\r\n<\/div><div class=\"wbg-item\">\r\n            <a class=\"wgb-item-link\" href=\"https:\/\/www.cent.uo.edu.cu\/cemzoc-uo\/books\/sistema-informatico-emizoc-para-el-entrenamiento-en-temas-de-manejo-integrado-de-zonas-costeras\/\" target=\"_self\">\r\n            <img decoding=\"async\" src=\"https:\/\/www.cent.uo.edu.cu\/cemzoc-uo\/files\/2023\/03\/Sistema-Informatico-223x300.jpg\" alt=\"Sistema Inform\u00e1tico EMIZoc para el entrenamiento en temas de manejo integrado de zonas costeras\" style=\"height:200px; object-fit: fill;\">            Sistema Inform\u00e1tico EMIZoc para el entrenamiento en temas de manejo integrado de zonas costeras        <\/a>\r\n                    <span class=\"loop-author\">\r\n                &nbsp;<a href=\"?wbg_author_s=Humberto+Alejandro+Tamayo+Yero%2C+Vivian+Aim%C3%A9e+Milan%C3%A9s%2C+Celene+Milan%C3%A9s+Batista\" class=\"wbg-single-link\">Humberto Alejandro Tamayo Yero, Vivian Aim\u00e9e Milan\u00e9s, Celene Milan\u00e9s Batista<\/a>            <\/span>\r\n                <!-- Button Panel -->\r\n    <div class=\"wbg-button-container\">\r\n                                <a href=\"https:\/\/drive.google.com\/file\/d\/13aXPoQm6aCxiPR6dasMG2zaSmmo5ErO2\/view?usp=share_link\" class=\"button wbg-btn\" target=&quot;_blank&quot;>\r\n                            <i class=\"fa-solid fa-download\"><\/i>&nbsp;Descargar                        <\/a>\r\n                            <\/div>\r\n<\/div><div class=\"wbg-item\">\r\n            <a class=\"wgb-item-link\" href=\"https:\/\/www.cent.uo.edu.cu\/cemzoc-uo\/books\/variabilidad-y-cambio-climatico-impactos-vulnerabilidad-y-adaptacion-al-cambio-climatico-en-america-latina-y-el-caribe-propuestas-para-metodos-de-evaluacion\/\" target=\"_self\">\r\n            <img decoding=\"async\" src=\"https:\/\/www.cent.uo.edu.cu\/cemzoc-uo\/files\/2023\/03\/cc-233x300.jpg\" alt=\"Variabilidad y Cambio Clim\u00e1tico. Impactos, Vulnerabilidad y Adaptaci\u00f3n al Cambio Clim\u00e1tico en Am\u00e9rica Latina y el Caribe, Propuestas para M\u00e9todos de evaluaci\u00f3n\" style=\"height:200px; object-fit: fill;\">            Variabilidad y Cambio Clim\u00e1tico. Impactos, Vulnerabilidad y Adaptaci\u00f3n al Cambio Clim\u00e1tico en Am\u00e9rica Latina y el Caribe, Propuestas para M\u00e9todos de evaluaci\u00f3n        <\/a>\r\n                    <span class=\"loop-author\">\r\n                &nbsp;<a href=\"?wbg_author_s=Colectivos+de+Autores%2C+Coordinadores+Ana+Cecilia+Conde+%C3%81lvarez+y+Jorge+L%C3%B3pez+Blanco\" class=\"wbg-single-link\">Colectivos de Autores, Coordinadores Ana Cecilia Conde \u00c1lvarez y Jorge L\u00f3pez Blanco<\/a>            <\/span>\r\n                <!-- Button Panel -->\r\n    <div class=\"wbg-button-container\">\r\n                                <a href=\"https:\/\/drive.google.com\/file\/d\/1sFIxUlrTGQMkn6FiiiY5W5ZNxbyIg8wG\/view?usp=share_link\" class=\"button wbg-btn\" target=&quot;_blank&quot;>\r\n                            <i class=\"fa-solid fa-download\"><\/i>&nbsp;Descargar                        <\/a>\r\n                            <\/div>\r\n<\/div>    <\/div>\r\n    <\/div>\r\n\n","protected":false},"excerpt":{"rendered":"","protected":false},"author":21,"featured_media":0,"parent":309,"menu_order":0,"comment_status":"closed","ping_status":"closed","template":"","meta":{"_mc_calendar":[],"footnotes":""},"class_list":["post-4450","page","type-page","status-publish","hentry"],"_links":{"self":[{"href":"https:\/\/www.cent.uo.edu.cu\/cemzoc-uo\/wp-json\/wp\/v2\/pages\/4450","targetHints":{"allow":["GET"]}}],"collection":[{"href":"https:\/\/www.cent.uo.edu.cu\/cemzoc-uo\/wp-json\/wp\/v2\/pages"}],"about":[{"href":"https:\/\/www.cent.uo.edu.cu\/cemzoc-uo\/wp-json\/wp\/v2\/types\/page"}],"author":[{"embeddable":true,"href":"https:\/\/www.cent.uo.edu.cu\/cemzoc-uo\/wp-json\/wp\/v2\/users\/21"}],"replies":[{"embeddable":true,"href":"https:\/\/www.cent.uo.edu.cu\/cemzoc-uo\/wp-json\/wp\/v2\/comments?post=4450"}],"version-history":[{"count":1,"href":"https:\/\/www.cent.uo.edu.cu\/cemzoc-uo\/wp-json\/wp\/v2\/pages\/4450\/revisions"}],"predecessor-version":[{"id":4451,"href":"https:\/\/www.cent.uo.edu.cu\/cemzoc-uo\/wp-json\/wp\/v2\/pages\/4450\/revisions\/4451"}],"up":[{"embeddable":true,"href":"https:\/\/www.cent.uo.edu.cu\/cemzoc-uo\/wp-json\/wp\/v2\/pages\/309"}],"wp:attachment":[{"href":"https:\/\/www.cent.uo.edu.cu\/cemzoc-uo\/wp-json\/wp\/v2\/media?parent=4450"}],"curies":[{"name":"wp","href":"https:\/\/api.w.org\/{rel}","templated":true}]}}