{"id":2773,"date":"2016-06-25T12:08:03","date_gmt":"2016-06-25T16:08:03","guid":{"rendered":"http:\/\/www.cent.uo.edu.cu\/cnea\/?page_id=2773"},"modified":"2016-06-25T12:13:17","modified_gmt":"2016-06-25T16:13:17","slug":"foro-de-comunicacion-de-las-ciencias","status":"publish","type":"page","link":"https:\/\/www.cent.uo.edu.cu\/cnea\/direccion-de-investigacion\/eventos\/foro-de-comunicacion-de-las-ciencias\/","title":{"rendered":"Foro de Comunicaci\u00f3n de las Ciencias"},"content":{"rendered":"<p style=\"text-align: justify\">En 2011, como parte de la labor de la entonces Direcci\u00f3n Organizacional, se decidi\u00f3 convocar a investigadores, directivos, comunicadores de la ciencia y todo aquel interesado en la promoci\u00f3n del quehacer cient\u00edfico, al <a href=\"https:\/\/magnetismocnea.wordpress.com\/2011\/05\/19\/atractivas-conferencias-provechosos-debates-y-buenas-nuevas\/\">\u201cTaller de Comunicaci\u00f3n y Divulgaci\u00f3n Cient\u00edfica: una mirada desde los centros de investigaci\u00f3n\u201d<\/a>, con el objetivo de compartir experiencias en estos temas, desde la labor diaria de un centro cient\u00edfico.<\/p>\n<p style=\"text-align: justify\"><strong>FORO DE COMUNICACI\u00d3N DE LAS CIENCIAS<\/strong><\/p>\n<div id=\"attachment_1720\" style=\"width: 331px\" class=\"wp-caption alignleft\"><a href=\"http:\/\/www.cent.uo.edu.cu\/cnea\/files\/2014\/11\/FORO-DE-COMUNICACION-DE-LA-CIENCIA8-.jpg\"><img loading=\"lazy\" decoding=\"async\" aria-describedby=\"caption-attachment-1720\" class=\"size-full wp-image-1720\" src=\"http:\/\/www.cent.uo.edu.cu\/cnea\/files\/2014\/11\/FORO-DE-COMUNICACION-DE-LA-CIENCIA8-.jpg\" alt=\"Logotipo que identifica al Foro de Comunicaci\u00f3n de las Ciencias\" width=\"321\" height=\"108\" srcset=\"https:\/\/www.cent.uo.edu.cu\/cnea\/files\/2014\/11\/FORO-DE-COMUNICACION-DE-LA-CIENCIA8-.jpg 321w, https:\/\/www.cent.uo.edu.cu\/cnea\/files\/2014\/11\/FORO-DE-COMUNICACION-DE-LA-CIENCIA8--300x100.jpg 300w\" sizes=\"auto, (max-width: 321px) 100vw, 321px\" \/><\/a><p id=\"caption-attachment-1720\" class=\"wp-caption-text\">Logotipo que identifica al Foro de Comunicaci\u00f3n de las Ciencias<\/p><\/div>\n<p style=\"text-align: justify\">Como resultado de este taller, se decidi\u00f3 realizar una segunda edici\u00f3n del mismo, y se le denomin\u00f3 desde entonces como <strong>Foro de Comunicaci\u00f3n de la ciencia. <\/strong><\/p>\n<p style=\"text-align: justify\"><strong>Bajo esta denominaci\u00f3n<\/strong><a href=\"https:\/\/magnetismocnea.wordpress.com\/2012\/05\/19\/repercusiones-del-foro-de-comunicacion-de-la-ciencia\/\"> se celebr\u00f3 los d\u00edas 17 y 18 de mayo de 2012, en el Sal\u00f3n de Protocolos del Centro Nacional de Electromagnetismo Aplicado (CNEA).<\/a>, con el objetivo el \u201cpropiciar un espacio para el intercambio de ideas, opiniones y experiencias relacionadas con la comunicaci\u00f3n y divulgaci\u00f3n de los resultados cient\u00edfico-t\u00e9cnicos y el papel de las Entidades de Ciencia e Innovaci\u00f3n Tecnol\u00f3gica y los cient\u00edficos, en la apropiaci\u00f3n social de las ciencias\u201d.<\/p>\n<p style=\"text-align: justify\">En esta ocasi\u00f3n, las experiencias de trabajo se expusieron en dos jornadas a manera de <strong>Taller \u201cExperiencias, herramientas e impactos de la divulgaci\u00f3n cient\u00edfica\u201d<\/strong> y la<strong> Mesa Redonda \u201cComunicaci\u00f3n cient\u00edfica: \u00e9tica, retos y responsabilidad\u201d<\/strong>.<\/p>\n<p style=\"text-align: justify\">Los trabajos completos del evento, as\u00ed como el Libro de Res\u00famenes y la Relator\u00eda del mismo, pueden ser descargados desde el siguiente enlace: <a href=\"http:\/\/www.cent.uo.edu.cu\/cnea\/direccion-de-investigacion\/publicaciones\/foro-ciencia\/\">II Foro de Comunicaci\u00f3n de las Ciencias<\/a>. Todo est\u00e1 contenido en el <strong>CD Memorias del Foro de Comunicaci\u00f3n de la Ciencia. Centro Nacional de Electromagnetismo Aplicado, 17 y 18 de mayo de 2012. ISBN 978-959-207-466-8.<\/strong><\/p>\n<p><strong>III FORO DE COMUNICACI\u00d3N DE LAS CIENCIAS<\/strong><\/p>\n<div id=\"attachment_2778\" style=\"width: 331px\" class=\"wp-caption alignright\"><a href=\"http:\/\/www.cent.uo.edu.cu\/cnea\/files\/2016\/06\/buscando-la-identidad-maribel-brull.jpg\"><img loading=\"lazy\" decoding=\"async\" aria-describedby=\"caption-attachment-2778\" class=\" wp-image-2778\" src=\"http:\/\/www.cent.uo.edu.cu\/cnea\/files\/2016\/06\/buscando-la-identidad-maribel-brull.jpg\" alt=\"Cubierta y contracubierta del libro &quot;Buscando la identidad&quot;, de la Dra.C. Maribel Brull\" width=\"321\" height=\"234\" \/><\/a><p id=\"caption-attachment-2778\" class=\"wp-caption-text\">Cubierta y contracubierta del libro \u00abBuscando la identidad\u00bb, de la Dra.C. Maribel Brull<\/p><\/div>\n<p>Se desarroll\u00f3 los d\u00edas 4 y 5 del mes de junio de 2013, en el Sal\u00f3n de Protocolos del Centro Nacional de Electromagnetismo Aplicado (CNEA).<\/p>\n<p style=\"text-align: justify\">Delegados de Holgu\u00edn, Villa Clara y Santiago de Cuba, debatieron sobre la comunicaci\u00f3n y divulgaci\u00f3n de los resultados cient\u00edfico-t\u00e9cnicos y el papel de las Entidades de Ciencia e Innovaci\u00f3n Tecnol\u00f3gica y los cient\u00edficos, en la apropiaci\u00f3n social de las ciencias.<\/p>\n<p style=\"text-align: justify\">Durante el evento se present\u00f3 la Conferencia Magistral <i>\u201cEl tercer entorno. De la re-comunicalizaci\u00f3n a la comunicaci\u00f3n compleja\u201d<\/i>, a cargo de la Dra.C. Yamil\u00e9 Haber Guerra, jefa del Departamento de Comunicaci\u00f3n Social y Periodismo de la Universidad de Oriente (UO).<\/p>\n<p style=\"text-align: justify\">Asimismo se present\u00f3 el libro \u00abBuscando la identidad\u00bb, texto de la Dra.C. Maribel Brull Gonz\u00e1lez.<\/p>\n<p style=\"text-align: justify\">Puede descargar algunos de los principales art\u00edculos y conferencias expuestas durante las jornadas del Foro, y recogidos en el CD de Memorias del III Foro de Comunicaci\u00f3n de las Ciencias. ISBN 978-959-207-478-1, a trav\u00e9s del siguiente enlace: <a href=\"http:\/\/www.cent.uo.edu.cu\/cnea\/direccion-de-investigacion\/publicaciones\/iii-foro-de-comunicacion-de-las-ciencias\/\">III Foro de Comunicaci\u00f3n de las Ciencias<\/a><\/p>\n<p style=\"text-align: justify\"><strong>IV FORO DE COMUNICACI\u00d3N DE LAS CIENCIAS<\/strong><\/p>\n<div id=\"attachment_972\" style=\"width: 334px\" class=\"wp-caption alignleft\"><a href=\"http:\/\/www.cent.uo.edu.cu\/cnea\/files\/2014\/05\/FOTO-OFICIAL-FORO-DE-COMUNICACI\u00d3N-.jpg\"><img loading=\"lazy\" decoding=\"async\" aria-describedby=\"caption-attachment-972\" class=\" wp-image-972\" src=\"http:\/\/www.cent.uo.edu.cu\/cnea\/files\/2014\/05\/FOTO-OFICIAL-FORO-DE-COMUNICACI\u00d3N-.jpg\" alt=\"Participantes en el IV Foro de Comunicaci\u00f3n de las Ciencias\" width=\"324\" height=\"243\" \/><\/a><p id=\"caption-attachment-972\" class=\"wp-caption-text\">Participantes en el IV Foro de Comunicaci\u00f3n de las Ciencias<\/p><\/div>\n<p style=\"text-align: justify\">Tuvo lugar del 14 al 16 de mayo de 2014, en el Centro Nacional de Electromagnetismo Aplicado (CNEA). A esta edici\u00f3n de 2014 se enviaron un total de <b>44<\/b> res\u00famenes.\u00a0Durante el evento se contabilizaron los siguientes datos:<\/p>\n<p>Total de participantes: 70 personas; de ellas:<\/p>\n<p>Ponentes: <b>38 personas<\/b><\/p>\n<p>Delegados: <b>32 personas<\/b><\/p>\n<p>De manera general se vieron representadas siete provincias del pa\u00eds; desglosados de la siguiente manera:<\/p>\n<p>La Habana (1 delegado), Cienfuegos (12 delegados), Villa Clara (6), Santi Sp\u00edritus (1), Camag\u00fcey (1), Holgu\u00edn (3), Guant\u00e1namo (7) y Santiago de Cuba (39).<\/p>\n<p>Las instituciones participantes fueron:<\/p>\n<ol start=\"1\">\n<li>Archivo Hist\u00f3rico Provincial, Guant\u00e1namo<\/li>\n<li>Centro Oriental de Ecosistemas y Biodiversidad (BIOECO), Santiago de Cuba<\/li>\n<li>Centro Nacional de Investigaciones Sismol\u00f3gicas (CENAIS), Santiago de Cuba<\/li>\n<li>Centro de Convenciones y Servicios Acad\u00e9micos (CCAS), de la Universidad de Ciencias M\u00e9dicas de La Habana<\/li>\n<li>Centro de Estudios Ambientales de Cienfuegos (CEAC)<\/li>\n<li>Centro de Estudios Comunitarios (CEC), UCLV; Villa Clara<\/li>\n<li>Centro de Informaci\u00f3n y Gesti\u00f3n Tecnol\u00f3gica de Santiago de Cuba, MEGACEN<\/li>\n<li>Centro de Ling\u00fc\u00edstica Aplicada, Santiago de Cuba<\/li>\n<li>Centro Provincial de Informaci\u00f3n de Ciencias M\u00e9dicas, Santiago de Cuba.<\/li>\n<li>Centro Nacional de Electromagnetismo Aplicado (CNEA)<\/li>\n<li>Delegaci\u00f3n Territorial del CITMA, Santiago de Cuba<\/li>\n<li>Delegaci\u00f3n Territorial del CITMA, Guant\u00e1namo<\/li>\n<li>Delegaci\u00f3n Territorial del CITMA, Holgu\u00edn<\/li>\n<li>Direcci\u00f3n de Extensi\u00f3n Universitaria, Universidad de Oriente<\/li>\n<li>Direcci\u00f3n Provincial de Justicia de Holgu\u00edn, Cuba<\/li>\n<li>Emisora Provincial CMKC, Santiago de Cuba<\/li>\n<li>Facultad de Humanidades, Universidad de Oriente<\/li>\n<li>Oficina Nacional de la Administraci\u00f3n Tributaria (ONAT), Sancti Sp\u00edritus<\/li>\n<li>Universidad de Ciencias Pedag\u00f3gicas \u201cFrank Pa\u00eds Garc\u00eda\u201d, Santiago de Cuba<\/li>\n<li>Universidad Central \u00abMarta Abreu\u00bb de Las Villas, Villa Clara<\/li>\n<li>Universidad de Cienfuegos \u201cCarlos Rafael Rodr\u00edguez\u201d<\/li>\n<li>Universidad de Camag\u00fcey<\/li>\n<li>Universidad de Guat\u00e1namo<\/li>\n<\/ol>\n<p>Puede acceder al Libro de res\u00famenes y a algunos de los art\u00edculos recogidos en el CD de Memorias del IV Foro de Comunicaci\u00f3n de las Ciencias; ISBN\u00a0978-959-207-525-2; desde el siguiente enlace: <a href=\"http:\/\/www.cent.uo.edu.cu\/cnea\/direccion-de-investigacion\/publicaciones\/iv-foro-de-comunicacion-de-la-ciencias\/\">IV Foro de Comunicaci\u00f3n de las Ciencias<\/a><\/p>\n<p><strong>V FORO DE COMUNICACI\u00d3N DE LAS CIENCIAS<\/strong><\/p>\n<p style=\"text-align: justify\">Tuvo lugar el 4 y 5 de mayo en el Centro Nacional de Electromagnetismo Aplicado (CNEA), como parte de la Jornada Cient\u00edfica CNEA &#8216;2015.<\/p>\n<p style=\"text-align: justify\">En esta edici\u00f3n de 2015 se cont\u00f3 con la participaci\u00f3n de 30 personas; de ellas:<\/p>\n<p style=\"text-align: justify\">Ponentes: 17, incluyendo 3 Conferencistas<strong>.<\/strong><\/p>\n<p style=\"text-align: justify\">Delegados: 13<\/p>\n<p style=\"text-align: justify\">De manera general se vieron representadas 3 provincias del pa\u00eds; desglosados de la siguiente manera:<\/p>\n<p style=\"text-align: justify\">Holgu\u00edn, Guant\u00e1namo y Santiago de Cuba.<\/p>\n<p style=\"text-align: justify\"><strong>4 de mayo<\/strong>. El programa del Foro de Comunicaci\u00f3n de las Ciencias, se inici\u00f3 con las palabras de bienvenida de MSc. Melek Campos Sof\u00eda, Directora General del Centro Nacional de Electromagnetismo Aplicado, seguida por la Conferencia Magistral: <em>500 A\u00f1os de Ciencia en Santiago de Cuba<\/em>, por el Dr. C. Giovanni Villal\u00f3n Garc\u00eda.<\/p>\n<p style=\"text-align: justify\">Como parte de la actividad inaugural fue presentado el libro <em>Estados Unidos y otros temas Martianos,<\/em> del Profesor Titular de Historia Dr.C. Hebert P\u00e9rez Concepci\u00f3n. Estuvieron presentes adem\u00e1s de los participantes del Foro, integrantes del programa VLIR-UO.<\/p>\n<p style=\"text-align: justify\"><strong>5 de mayo<\/strong>. Comenz\u00f3 con la Conferencia Magistral impartida por el Profesor Belga Dr.C. Hichem Sahli <em>\u201cPublish or Perish. The Added Value of internacional Colaboration\u201d.<\/em> Posteriormente se desarroll\u00f3 el trabajo en comisiones, en donde se analizaron los temas: Restos de la comunicaci\u00f3n de los resultados de la ciencia y la tecnolog\u00eda, y la Comunicaci\u00f3n desde los centros de Ciencia.<\/p>\n<p style=\"text-align: justify\">Culminado el trabajo en comisiones, se desarroll\u00f3 la Conferencia Magistral por el Dr.C David Maceira, Sub-Director Cient\u00edfico del Centro Oriental de Ecosistemas y Biodiversidad (BIOECO), \u201cConservaci\u00f3n de la naturaleza en las Antillas\u201d<\/p>\n<p style=\"text-align: justify\">Concluyendo el Foro con la presentaci\u00f3n del Diplomado de Comunicaci\u00f3n de la Ciencia del Centro Nacional de Electromagnetismo Aplicado.<\/p>\n<p style=\"text-align: justify\">De manera general, se destaca la intenci\u00f3n por parte de todos los presentes, de mantener el Foro de Comunicaci\u00f3n, como un espacio a favor del desarrollo de la Ciencia, pues fueron presentados en su mayor\u00eda productos comunicativos, los cuales constituyen una forma de acercar el pensamiento cient\u00edfico a la sociedad.<\/p>\n","protected":false},"excerpt":{"rendered":"<p>En 2011, como parte de la labor de la entonces Direcci\u00f3n Organizacional, se decidi\u00f3 convocar a investigadores, directivos, comunicadores de la ciencia y todo aquel [&#8230;]<\/p>\n","protected":false},"author":14,"featured_media":0,"parent":2461,"menu_order":0,"comment_status":"closed","ping_status":"closed","template":"","meta":{"ngg_post_thumbnail":0,"footnotes":""},"class_list":["post-2773","page","type-page","status-publish","hentry"],"_links":{"self":[{"href":"https:\/\/www.cent.uo.edu.cu\/cnea\/wp-json\/wp\/v2\/pages\/2773","targetHints":{"allow":["GET"]}}],"collection":[{"href":"https:\/\/www.cent.uo.edu.cu\/cnea\/wp-json\/wp\/v2\/pages"}],"about":[{"href":"https:\/\/www.cent.uo.edu.cu\/cnea\/wp-json\/wp\/v2\/types\/page"}],"author":[{"embeddable":true,"href":"https:\/\/www.cent.uo.edu.cu\/cnea\/wp-json\/wp\/v2\/users\/14"}],"replies":[{"embeddable":true,"href":"https:\/\/www.cent.uo.edu.cu\/cnea\/wp-json\/wp\/v2\/comments?post=2773"}],"version-history":[{"count":5,"href":"https:\/\/www.cent.uo.edu.cu\/cnea\/wp-json\/wp\/v2\/pages\/2773\/revisions"}],"predecessor-version":[{"id":2785,"href":"https:\/\/www.cent.uo.edu.cu\/cnea\/wp-json\/wp\/v2\/pages\/2773\/revisions\/2785"}],"up":[{"embeddable":true,"href":"https:\/\/www.cent.uo.edu.cu\/cnea\/wp-json\/wp\/v2\/pages\/2461"}],"wp:attachment":[{"href":"https:\/\/www.cent.uo.edu.cu\/cnea\/wp-json\/wp\/v2\/media?parent=2773"}],"curies":[{"name":"wp","href":"https:\/\/api.w.org\/{rel}","templated":true}]}}